{"id":29441,"date":"2024-10-28T08:45:16","date_gmt":"2024-10-28T08:45:16","guid":{"rendered":"https:\/\/www.argonandco.com\/?post_type=event&#038;p=29441"},"modified":"2024-10-28T08:45:16","modified_gmt":"2024-10-28T08:45:16","slug":"argon-co-sera-present-au-salon-supply-chain-event-les-12-et-13-novembre-2024","status":"publish","type":"event","link":"https:\/\/www.argonandco.com\/fr\/news-insights\/events\/argon-co-sera-present-au-salon-supply-chain-event-les-12-et-13-novembre-2024\/","title":{"rendered":"Argon &#038; Co sera pr\u00e9sent au salon Supply Chain Event, les 12 et 13 novembre 2024 !"},"content":{"rendered":"<p><strong>Argon &amp; Co vous donne rendez-vous les 12 et 13 novembre au salon Supply Chain Event \u00e0 Paris \u2013 Porte de Versailles.<\/strong><\/p>\n<p>&nbsp;<\/p>\n<p>Argon &amp; Co sera pr\u00e9sent \u00e0 la prochaine \u00e9dition <a href=\"https:\/\/eur02.safelinks.protection.outlook.com\/?url=https%3A%2F%2Fwww.supplychain-event.com%2F%23%2F&amp;data=05%7C02%7Csolenn.ricordel%40argonandco.com%7C7efc720d0e964616584008dcecf5f606%7Cf85b23bd14724658b2cdbff744680942%7C0%7C0%7C638645788350279895%7CUnknown%7CTWFpbGZsb3d8eyJWIjoiMC4wLjAwMDAiLCJQIjoiV2luMzIiLCJBTiI6Ik1haWwiLCJXVCI6Mn0%3D%7C0%7C%7C%7C&amp;sdata=Gxj48VBnvVvpMpEFSKK%2B3nbTEZBJwhbVL%2FqkLyYG7co%3D&amp;reserved=0\"><strong>Supply Chain Event<\/strong><\/a> sur le th\u00e8me <strong>\u00ab Activateur de transformation digitale \u00bb,\u00a0<\/strong>qui se tiendra les mardi 12 et mercredi 13 novembre 2024 \u00e0 Porte de Versailles (Pavillon 5.2) \u00e0 Paris.<\/p>\n<p>Au programme, le cabinet animera la conf\u00e9rence \u00ab <strong>No Chain Planning<\/strong> <strong>\u2013 La planification Supply Chain industrielle fait sa r\u00e9volution\u00a0<\/strong>\u00bb, le 13 novembre \u00e0 14h.<\/p>\n<ul>\n<li>Cette nouvelle approche sign\u00e9e Argon &amp; co vient r\u00e9pondre aux contextes \u00e9conomique, environnemental et g\u00e9opolitique. Les Supply Chain industrielles subissent une instabilit\u00e9 permanente et une perte de priorit\u00e9s. Les m\u00e9thodes de planification traditionnelles ne permettent plus de piloter efficacement les op\u00e9rations.<\/li>\n<li>Face \u00e0 ces enjeux, <strong>No Chain Planning<\/strong> propose une <strong>rupture essentielle<\/strong> avec les concepts historiques. Cette nouvelle m\u00e9thodologie, fruit de plus de dix ann\u00e9es de recherche et d\u00e9veloppement, vise \u00e0 transformer la planification industrielle en connectant chaque acteur de la cha\u00eene \u00e0 la <strong>demande r\u00e9elle du client<\/strong>, et \u00e0 lui donner deux signaux essentiels \u00e0 sa planification : le \u00ab\u00a0doit-faire\u00a0\u00bb et le \u00ab\u00a0sait-faire\u00a0\u00bb. Ainsi, chaque maillon peut agir de mani\u00e8re agile et proactive, garantissant une <strong>meilleure performance globale<\/strong>.<\/li>\n<li>A l\u2019occasion du salon, Argon &amp; Co aura \u00e9galement le plaisir de faire <strong>une annonce exceptionnelle li\u00e9e aux concepts No Chain Planning<\/strong>, \u00e0 ne pas manquer\u00a0!<\/li>\n<\/ul>\n<p>Argon &amp; Co sera \u00e9galement pr\u00e9sent la veille durant le cycle de conf\u00e9rences\u00a0:<\/p>\n<p>&gt; Fabrice Bonneau coanimera la conf\u00e9rence intitul\u00e9e \u00ab Supply Chain durable, responsable et d\u00e9carbon\u00e9e \u00bb aux c\u00f4t\u00e9s de Yann de F\u00e9raudy le mercredi 13 novembre \u00e0 12h<\/p>\n<p>&gt; Fran\u00e7ois Durieux partagera ses retours d\u2019exp\u00e9rience durant deux tables rondes :<\/p>\n<ul>\n<li>\u00ab L\u2019innovation en Supply Chain, une cl\u00e9 strat\u00e9gique au service de la performance du syst\u00e8me de d\u00e9fense\u00a0\u00bb le <u>mardi 12 Novembre \u00e0 12 h <\/u><\/li>\n<li>\u00ab\u00a0Les enjeux de la Supply Chain a\u00e9ronautique et l\u2019accompagnement fili\u00e8re vers l\u2019excellence op\u00e9rationnelle\u00a0le <u>mardi 12 Novembre \u00e0 14 h, avec un focus sur<\/u> les probl\u00e8mes de mont\u00e9e en cadence, de ma\u00eetrise des stocks et des moyens \u00e0 mettre en \u0153uvre (dont m\u00e9thodes, projets et Syst\u00e8mes d\u2019information)<\/li>\n<\/ul>\n<p style=\"text-align: center;\"><strong><a class=\"button\" href=\"https:\/\/www.supplychain-event.com\/fr-fr\/register.html?code=1173654668679408-TAS\">Je r\u00e9serve mon pass !<\/a><\/strong><strong>\u00a0<\/strong><\/p>\n<p>Les <strong>experts No Chain Planning Argon &amp; Co<\/strong> seront <strong>au rendez-vous<\/strong> mardi de 9h \u00e0 20h et mercredi de 9h \u00e0 17h, au stand C44 \u00e0 Porte de Versailles Paris.<\/p>\n<p>&nbsp;<\/p>\n<p>En savoir plus sur notre <a href=\"https:\/\/www.argonandco.com\/fr\/expertises\/supply-chain-planning\/no-chain-planning\/\">offre No Chain Planning<\/a><\/p>\n","protected":false},"featured_media":29481,"template":"","class_list":["post-29441","event","type-event","status-publish","has-post-thumbnail","hentry"],"acf":[],"yoast_head":"<!-- This site is optimized with the Yoast SEO plugin v27.4 - https:\/\/yoast.com\/product\/yoast-seo-wordpress\/ -->\n<title>Argon &amp; Co sera pr\u00e9sent au salon Supply Chain Event, les 12 et 13 novembre 2024 ! - Argon &amp; Co<\/title>\n<meta name=\"robots\" content=\"index, follow, max-snippet:-1, max-image-preview:large, max-video-preview:-1\" \/>\n<link rel=\"canonical\" href=\"https:\/\/www.argonandco.com\/fr\/news-insights\/events\/argon-co-sera-present-au-salon-supply-chain-event-les-12-et-13-novembre-2024\/\" \/>\n<meta property=\"og:locale\" content=\"fr_FR\" \/>\n<meta property=\"og:type\" content=\"article\" \/>\n<meta property=\"og:title\" content=\"Argon &amp; Co sera pr\u00e9sent au salon Supply Chain Event, les 12 et 13 novembre 2024 ! - Argon &amp; Co\" \/>\n<meta property=\"og:description\" content=\"Argon &amp; Co vous donne rendez-vous les 12 et 13 novembre au salon Supply Chain Event \u00e0 Paris \u2013 Porte de Versailles. &nbsp; Argon &amp; Co sera pr\u00e9sent \u00e0 la prochaine \u00e9dition Supply Chain Event sur le th\u00e8me \u00ab Activateur de transformation digitale \u00bb,\u00a0qui se tiendra les mardi 12 et mercredi 13 novembre 2024 \u00e0 [&hellip;]\" \/>\n<meta property=\"og:url\" content=\"https:\/\/www.argonandco.com\/fr\/news-insights\/events\/argon-co-sera-present-au-salon-supply-chain-event-les-12-et-13-novembre-2024\/\" \/>\n<meta property=\"og:site_name\" content=\"Argon &amp; Co\" \/>\n<meta property=\"og:image\" content=\"https:\/\/www.argonandco.com\/wp-content\/uploads\/2024\/10\/episode-8_No-Chain.webp\" \/>\n\t<meta property=\"og:image:width\" content=\"2159\" \/>\n\t<meta property=\"og:image:height\" content=\"1388\" \/>\n\t<meta property=\"og:image:type\" content=\"image\/webp\" \/>\n<meta name=\"twitter:card\" content=\"summary_large_image\" \/>\n<meta name=\"twitter:label1\" content=\"Dur\u00e9e de lecture estim\u00e9e\" \/>\n\t<meta name=\"twitter:data1\" content=\"2 minutes\" \/>\n<script type=\"application\/ld+json\" class=\"yoast-schema-graph\">{\"@context\":\"https:\\\/\\\/schema.org\",\"@graph\":[{\"@type\":\"WebPage\",\"@id\":\"https:\\\/\\\/www.argonandco.com\\\/fr\\\/news-insights\\\/events\\\/argon-co-sera-present-au-salon-supply-chain-event-les-12-et-13-novembre-2024\\\/\",\"url\":\"https:\\\/\\\/www.argonandco.com\\\/fr\\\/news-insights\\\/events\\\/argon-co-sera-present-au-salon-supply-chain-event-les-12-et-13-novembre-2024\\\/\",\"name\":\"Argon & Co sera pr\u00e9sent au salon Supply Chain Event, les 12 et 13 novembre 2024 ! - Argon &amp; Co\",\"isPartOf\":{\"@id\":\"https:\\\/\\\/www.argonandco.com\\\/fr\\\/#website\"},\"primaryImageOfPage\":{\"@id\":\"https:\\\/\\\/www.argonandco.com\\\/fr\\\/news-insights\\\/events\\\/argon-co-sera-present-au-salon-supply-chain-event-les-12-et-13-novembre-2024\\\/#primaryimage\"},\"image\":{\"@id\":\"https:\\\/\\\/www.argonandco.com\\\/fr\\\/news-insights\\\/events\\\/argon-co-sera-present-au-salon-supply-chain-event-les-12-et-13-novembre-2024\\\/#primaryimage\"},\"thumbnailUrl\":\"https:\\\/\\\/www.argonandco.com\\\/wp-content\\\/uploads\\\/2024\\\/10\\\/episode-8_No-Chain.webp\",\"datePublished\":\"2024-10-28T08:45:16+00:00\",\"breadcrumb\":{\"@id\":\"https:\\\/\\\/www.argonandco.com\\\/fr\\\/news-insights\\\/events\\\/argon-co-sera-present-au-salon-supply-chain-event-les-12-et-13-novembre-2024\\\/#breadcrumb\"},\"inLanguage\":\"fr-FR\",\"potentialAction\":[{\"@type\":\"ReadAction\",\"target\":[\"https:\\\/\\\/www.argonandco.com\\\/fr\\\/news-insights\\\/events\\\/argon-co-sera-present-au-salon-supply-chain-event-les-12-et-13-novembre-2024\\\/\"]}]},{\"@type\":\"ImageObject\",\"inLanguage\":\"fr-FR\",\"@id\":\"https:\\\/\\\/www.argonandco.com\\\/fr\\\/news-insights\\\/events\\\/argon-co-sera-present-au-salon-supply-chain-event-les-12-et-13-novembre-2024\\\/#primaryimage\",\"url\":\"https:\\\/\\\/www.argonandco.com\\\/wp-content\\\/uploads\\\/2024\\\/10\\\/episode-8_No-Chain.webp\",\"contentUrl\":\"https:\\\/\\\/www.argonandco.com\\\/wp-content\\\/uploads\\\/2024\\\/10\\\/episode-8_No-Chain.webp\",\"width\":2159,\"height\":1388},{\"@type\":\"BreadcrumbList\",\"@id\":\"https:\\\/\\\/www.argonandco.com\\\/fr\\\/news-insights\\\/events\\\/argon-co-sera-present-au-salon-supply-chain-event-les-12-et-13-novembre-2024\\\/#breadcrumb\",\"itemListElement\":[{\"@type\":\"ListItem\",\"position\":1,\"name\":\"Home\",\"item\":\"https:\\\/\\\/www.argonandco.com\\\/fr\\\/\"},{\"@type\":\"ListItem\",\"position\":2,\"name\":\"Events\",\"item\":\"https:\\\/\\\/www.argonandco.com\\\/fr\\\/news-insights\\\/events\\\/\"},{\"@type\":\"ListItem\",\"position\":3,\"name\":\"Argon &#038; Co sera pr\u00e9sent au salon Supply Chain Event, les 12 et 13 novembre 2024 !\"}]},{\"@type\":\"WebSite\",\"@id\":\"https:\\\/\\\/www.argonandco.com\\\/fr\\\/#website\",\"url\":\"https:\\\/\\\/www.argonandco.com\\\/fr\\\/\",\"name\":\"Argon &amp; Co\",\"description\":\"We help clients achieve their strategic and operational objectives, working together to transform their businesses and generate real change.\",\"potentialAction\":[{\"@type\":\"SearchAction\",\"target\":{\"@type\":\"EntryPoint\",\"urlTemplate\":\"https:\\\/\\\/www.argonandco.com\\\/fr\\\/?s={search_term_string}\"},\"query-input\":{\"@type\":\"PropertyValueSpecification\",\"valueRequired\":true,\"valueName\":\"search_term_string\"}}],\"inLanguage\":\"fr-FR\"}]}<\/script>\n<!-- \/ Yoast SEO plugin. -->","yoast_head_json":{"title":"Argon & Co sera pr\u00e9sent au salon Supply Chain Event, les 12 et 13 novembre 2024 ! - Argon &amp; Co","robots":{"index":"index","follow":"follow","max-snippet":"max-snippet:-1","max-image-preview":"max-image-preview:large","max-video-preview":"max-video-preview:-1"},"canonical":"https:\/\/www.argonandco.com\/fr\/news-insights\/events\/argon-co-sera-present-au-salon-supply-chain-event-les-12-et-13-novembre-2024\/","og_locale":"fr_FR","og_type":"article","og_title":"Argon & Co sera pr\u00e9sent au salon Supply Chain Event, les 12 et 13 novembre 2024 ! - Argon &amp; Co","og_description":"Argon &amp; Co vous donne rendez-vous les 12 et 13 novembre au salon Supply Chain Event \u00e0 Paris \u2013 Porte de Versailles. &nbsp; Argon &amp; Co sera pr\u00e9sent \u00e0 la prochaine \u00e9dition Supply Chain Event sur le th\u00e8me \u00ab Activateur de transformation digitale \u00bb,\u00a0qui se tiendra les mardi 12 et mercredi 13 novembre 2024 \u00e0 [&hellip;]","og_url":"https:\/\/www.argonandco.com\/fr\/news-insights\/events\/argon-co-sera-present-au-salon-supply-chain-event-les-12-et-13-novembre-2024\/","og_site_name":"Argon &amp; Co","og_image":[{"width":2159,"height":1388,"url":"https:\/\/www.argonandco.com\/wp-content\/uploads\/2024\/10\/episode-8_No-Chain.webp","type":"image\/webp"}],"twitter_card":"summary_large_image","twitter_misc":{"Dur\u00e9e de lecture estim\u00e9e":"2 minutes"},"schema":{"@context":"https:\/\/schema.org","@graph":[{"@type":"WebPage","@id":"https:\/\/www.argonandco.com\/fr\/news-insights\/events\/argon-co-sera-present-au-salon-supply-chain-event-les-12-et-13-novembre-2024\/","url":"https:\/\/www.argonandco.com\/fr\/news-insights\/events\/argon-co-sera-present-au-salon-supply-chain-event-les-12-et-13-novembre-2024\/","name":"Argon & Co sera pr\u00e9sent au salon Supply Chain Event, les 12 et 13 novembre 2024 ! - Argon &amp; Co","isPartOf":{"@id":"https:\/\/www.argonandco.com\/fr\/#website"},"primaryImageOfPage":{"@id":"https:\/\/www.argonandco.com\/fr\/news-insights\/events\/argon-co-sera-present-au-salon-supply-chain-event-les-12-et-13-novembre-2024\/#primaryimage"},"image":{"@id":"https:\/\/www.argonandco.com\/fr\/news-insights\/events\/argon-co-sera-present-au-salon-supply-chain-event-les-12-et-13-novembre-2024\/#primaryimage"},"thumbnailUrl":"https:\/\/www.argonandco.com\/wp-content\/uploads\/2024\/10\/episode-8_No-Chain.webp","datePublished":"2024-10-28T08:45:16+00:00","breadcrumb":{"@id":"https:\/\/www.argonandco.com\/fr\/news-insights\/events\/argon-co-sera-present-au-salon-supply-chain-event-les-12-et-13-novembre-2024\/#breadcrumb"},"inLanguage":"fr-FR","potentialAction":[{"@type":"ReadAction","target":["https:\/\/www.argonandco.com\/fr\/news-insights\/events\/argon-co-sera-present-au-salon-supply-chain-event-les-12-et-13-novembre-2024\/"]}]},{"@type":"ImageObject","inLanguage":"fr-FR","@id":"https:\/\/www.argonandco.com\/fr\/news-insights\/events\/argon-co-sera-present-au-salon-supply-chain-event-les-12-et-13-novembre-2024\/#primaryimage","url":"https:\/\/www.argonandco.com\/wp-content\/uploads\/2024\/10\/episode-8_No-Chain.webp","contentUrl":"https:\/\/www.argonandco.com\/wp-content\/uploads\/2024\/10\/episode-8_No-Chain.webp","width":2159,"height":1388},{"@type":"BreadcrumbList","@id":"https:\/\/www.argonandco.com\/fr\/news-insights\/events\/argon-co-sera-present-au-salon-supply-chain-event-les-12-et-13-novembre-2024\/#breadcrumb","itemListElement":[{"@type":"ListItem","position":1,"name":"Home","item":"https:\/\/www.argonandco.com\/fr\/"},{"@type":"ListItem","position":2,"name":"Events","item":"https:\/\/www.argonandco.com\/fr\/news-insights\/events\/"},{"@type":"ListItem","position":3,"name":"Argon &#038; Co sera pr\u00e9sent au salon Supply Chain Event, les 12 et 13 novembre 2024 !"}]},{"@type":"WebSite","@id":"https:\/\/www.argonandco.com\/fr\/#website","url":"https:\/\/www.argonandco.com\/fr\/","name":"Argon &amp; Co","description":"We help clients achieve their strategic and operational objectives, working together to transform their businesses and generate real change.","potentialAction":[{"@type":"SearchAction","target":{"@type":"EntryPoint","urlTemplate":"https:\/\/www.argonandco.com\/fr\/?s={search_term_string}"},"query-input":{"@type":"PropertyValueSpecification","valueRequired":true,"valueName":"search_term_string"}}],"inLanguage":"fr-FR"}]}},"_links":{"self":[{"href":"https:\/\/www.argonandco.com\/fr\/wp-json\/wp\/v2\/event\/29441","targetHints":{"allow":["GET"]}}],"collection":[{"href":"https:\/\/www.argonandco.com\/fr\/wp-json\/wp\/v2\/event"}],"about":[{"href":"https:\/\/www.argonandco.com\/fr\/wp-json\/wp\/v2\/types\/event"}],"version-history":[{"count":0,"href":"https:\/\/www.argonandco.com\/fr\/wp-json\/wp\/v2\/event\/29441\/revisions"}],"wp:featuredmedia":[{"embeddable":true,"href":"https:\/\/www.argonandco.com\/fr\/wp-json\/wp\/v2\/media\/29481"}],"wp:attachment":[{"href":"https:\/\/www.argonandco.com\/fr\/wp-json\/wp\/v2\/media?parent=29441"}],"curies":[{"name":"wp","href":"https:\/\/api.w.org\/{rel}","templated":true}]}}