{"id":27609,"date":"2024-04-24T10:23:47","date_gmt":"2024-04-24T09:23:47","guid":{"rendered":"https:\/\/www.argonandco.com\/?post_type=event&#038;p=27609"},"modified":"2024-05-13T16:14:08","modified_gmt":"2024-05-13T15:14:08","slug":"iris-by-argon-co-au-before-du-gala-des-directeurs-de-la-supply-chain-organise-par-supply-chain-village-le-30-mai-2024-a-14h-30","status":"publish","type":"event","link":"https:\/\/www.argonandco.com\/fr\/news-insights\/events\/iris-by-argon-co-au-before-du-gala-des-directeurs-de-la-supply-chain-organise-par-supply-chain-village-le-30-mai-2024-a-14h-30\/","title":{"rendered":"IRIS by Argon &#038; Co au Before du Gala des Directeurs de la Supply Chain, organis\u00e9 par Supply Chain Village le 30 mai 2024 \u00e0 12h"},"content":{"rendered":"<p>Le\u00a0Before du Gala des Directeurs de la Supply Chain, organis\u00e9 par Supply Chain Village le <strong>30 mai<\/strong> prochain, est une journ\u00e9e de r\u00e9flexion et de d\u00e9bats sur les r\u00e9volutions qui transformeront la Supply Chain au cours des prochaines ann\u00e9es. Cette journ\u00e9e est organis\u00e9e autour de quatre tables rondes, qui sont les suivantes :<\/p>\n<ul>\n<li>D\u00e9carbonation de la Supply Chain\u00a0;<\/li>\n<li>L\u2019IA dans le pilotage des flux de marchandises\u00a0;<\/li>\n<li>Automatisation et robotisation\u00a0;<\/li>\n<li>L\u2019entrep\u00f4t de demain.<\/li>\n<\/ul>\n<p>IRIS by Argon &amp; Co, repr\u00e9sent\u00e9 par Guilhem Delorme, Associate Partner, sera pr\u00e9sent lors de cette journ\u00e9e afin d\u2019animer le d\u00e9bat \u00ab\u00a0<strong>L\u2019IA dans le pilotage des flux de marchandises<\/strong>\u00a0\u00bb qui se tiendra \u00e0 <strong>12h<\/strong>.<\/p>\n<p>Le sujet sera abord\u00e9 sous les angles suivants :<\/p>\n<ul>\n<li>Syst\u00e8mes experts, Machine Learning, IA\u2026\u00a0: comment les distinguer ?<\/li>\n<li>Pr\u00e9vision de la demande et planification : qu\u2019apporte l\u2019IA dans ce domaine ?<\/li>\n<li>Capture de la data et visibilit\u00e9 des flux en temps r\u00e9el\u00a0: les sc\u00e9narios \u00ab what if\u00a0? \u00bb.<\/li>\n<li>Une Supply Chain intelligente, mais surtout une organisation plus flexible et plus r\u00e9active.<\/li>\n<li>S&amp;OP et IBP \u00e0 l\u2019heure de l\u2019IA : quelles \u00e9volutions pr\u00e9voir ?<\/li>\n<\/ul>\n<p>Cette table ronde pourra \u00eatre suivie en direct, <a href=\"https:\/\/register.gotowebinar.com\/register\/6755017249146975322?source=Partenaires\">inscrivez-vous<\/a> d\u00e8s maintenant !<\/p>\n<p>&nbsp;<\/p>\n<p>En savoir plus sur le <a href=\"https:\/\/supplychain-village.com\/Mailings\/Before-2024-05-30\/\">Before du Gala des Directeurs de la Supply Chain<\/a><\/p>\n<p>En savoir plus sur <a href=\"https:\/\/www.irisbyargonandco.com\/fr\/\">Iris by Argon &amp; Co\u00a0<\/a><\/p>\n","protected":false},"featured_media":27625,"template":"","class_list":["post-27609","event","type-event","status-publish","has-post-thumbnail","hentry"],"acf":[],"yoast_head":"<!-- This site is optimized with the Yoast SEO plugin v27.4 - https:\/\/yoast.com\/product\/yoast-seo-wordpress\/ -->\n<title>IRIS by Argon &amp; Co au Before du Gala des Directeurs de la Supply Chain, organis\u00e9 par Supply Chain Village le 30 mai 2024 \u00e0 12h - Argon &amp; Co<\/title>\n<meta name=\"robots\" content=\"index, follow, max-snippet:-1, max-image-preview:large, max-video-preview:-1\" \/>\n<link rel=\"canonical\" href=\"https:\/\/www.argonandco.com\/fr\/news-insights\/events\/iris-by-argon-co-au-before-du-gala-des-directeurs-de-la-supply-chain-organise-par-supply-chain-village-le-30-mai-2024-a-14h-30\/\" \/>\n<meta property=\"og:locale\" content=\"fr_FR\" \/>\n<meta property=\"og:type\" content=\"article\" \/>\n<meta property=\"og:title\" content=\"IRIS by Argon &amp; Co au Before du Gala des Directeurs de la Supply Chain, organis\u00e9 par Supply Chain Village le 30 mai 2024 \u00e0 12h - Argon &amp; Co\" \/>\n<meta property=\"og:description\" content=\"Le\u00a0Before du Gala des Directeurs de la Supply Chain, organis\u00e9 par Supply Chain Village le 30 mai prochain, est une journ\u00e9e de r\u00e9flexion et de d\u00e9bats sur les r\u00e9volutions qui transformeront la Supply Chain au cours des prochaines ann\u00e9es. Cette journ\u00e9e est organis\u00e9e autour de quatre tables rondes, qui sont les suivantes : D\u00e9carbonation de [&hellip;]\" \/>\n<meta property=\"og:url\" content=\"https:\/\/www.argonandco.com\/fr\/news-insights\/events\/iris-by-argon-co-au-before-du-gala-des-directeurs-de-la-supply-chain-organise-par-supply-chain-village-le-30-mai-2024-a-14h-30\/\" \/>\n<meta property=\"og:site_name\" content=\"Argon &amp; Co\" \/>\n<meta property=\"article:modified_time\" content=\"2024-05-13T15:14:08+00:00\" \/>\n<meta property=\"og:image\" content=\"https:\/\/www.argonandco.com\/wp-content\/uploads\/2024\/04\/iStock-1492557734.jpg\" \/>\n\t<meta property=\"og:image:width\" content=\"2121\" \/>\n\t<meta property=\"og:image:height\" content=\"1414\" \/>\n\t<meta property=\"og:image:type\" content=\"image\/jpeg\" \/>\n<meta name=\"twitter:card\" content=\"summary_large_image\" \/>\n<meta name=\"twitter:label1\" content=\"Dur\u00e9e de lecture estim\u00e9e\" \/>\n\t<meta name=\"twitter:data1\" content=\"1 minute\" \/>\n<script type=\"application\/ld+json\" class=\"yoast-schema-graph\">{\"@context\":\"https:\\\/\\\/schema.org\",\"@graph\":[{\"@type\":\"WebPage\",\"@id\":\"https:\\\/\\\/www.argonandco.com\\\/fr\\\/news-insights\\\/events\\\/iris-by-argon-co-au-before-du-gala-des-directeurs-de-la-supply-chain-organise-par-supply-chain-village-le-30-mai-2024-a-14h-30\\\/\",\"url\":\"https:\\\/\\\/www.argonandco.com\\\/fr\\\/news-insights\\\/events\\\/iris-by-argon-co-au-before-du-gala-des-directeurs-de-la-supply-chain-organise-par-supply-chain-village-le-30-mai-2024-a-14h-30\\\/\",\"name\":\"IRIS by Argon & Co au Before du Gala des Directeurs de la Supply Chain, organis\u00e9 par Supply Chain Village le 30 mai 2024 \u00e0 12h - Argon &amp; Co\",\"isPartOf\":{\"@id\":\"https:\\\/\\\/www.argonandco.com\\\/fr\\\/#website\"},\"primaryImageOfPage\":{\"@id\":\"https:\\\/\\\/www.argonandco.com\\\/fr\\\/news-insights\\\/events\\\/iris-by-argon-co-au-before-du-gala-des-directeurs-de-la-supply-chain-organise-par-supply-chain-village-le-30-mai-2024-a-14h-30\\\/#primaryimage\"},\"image\":{\"@id\":\"https:\\\/\\\/www.argonandco.com\\\/fr\\\/news-insights\\\/events\\\/iris-by-argon-co-au-before-du-gala-des-directeurs-de-la-supply-chain-organise-par-supply-chain-village-le-30-mai-2024-a-14h-30\\\/#primaryimage\"},\"thumbnailUrl\":\"https:\\\/\\\/www.argonandco.com\\\/wp-content\\\/uploads\\\/2024\\\/04\\\/iStock-1492557734.jpg\",\"datePublished\":\"2024-04-24T09:23:47+00:00\",\"dateModified\":\"2024-05-13T15:14:08+00:00\",\"breadcrumb\":{\"@id\":\"https:\\\/\\\/www.argonandco.com\\\/fr\\\/news-insights\\\/events\\\/iris-by-argon-co-au-before-du-gala-des-directeurs-de-la-supply-chain-organise-par-supply-chain-village-le-30-mai-2024-a-14h-30\\\/#breadcrumb\"},\"inLanguage\":\"fr-FR\",\"potentialAction\":[{\"@type\":\"ReadAction\",\"target\":[\"https:\\\/\\\/www.argonandco.com\\\/fr\\\/news-insights\\\/events\\\/iris-by-argon-co-au-before-du-gala-des-directeurs-de-la-supply-chain-organise-par-supply-chain-village-le-30-mai-2024-a-14h-30\\\/\"]}]},{\"@type\":\"ImageObject\",\"inLanguage\":\"fr-FR\",\"@id\":\"https:\\\/\\\/www.argonandco.com\\\/fr\\\/news-insights\\\/events\\\/iris-by-argon-co-au-before-du-gala-des-directeurs-de-la-supply-chain-organise-par-supply-chain-village-le-30-mai-2024-a-14h-30\\\/#primaryimage\",\"url\":\"https:\\\/\\\/www.argonandco.com\\\/wp-content\\\/uploads\\\/2024\\\/04\\\/iStock-1492557734.jpg\",\"contentUrl\":\"https:\\\/\\\/www.argonandco.com\\\/wp-content\\\/uploads\\\/2024\\\/04\\\/iStock-1492557734.jpg\",\"width\":2121,\"height\":1414,\"caption\":\"Logistic and transport concept.Smart warehouse management system.Businessman touching icon of logistics.\"},{\"@type\":\"BreadcrumbList\",\"@id\":\"https:\\\/\\\/www.argonandco.com\\\/fr\\\/news-insights\\\/events\\\/iris-by-argon-co-au-before-du-gala-des-directeurs-de-la-supply-chain-organise-par-supply-chain-village-le-30-mai-2024-a-14h-30\\\/#breadcrumb\",\"itemListElement\":[{\"@type\":\"ListItem\",\"position\":1,\"name\":\"Home\",\"item\":\"https:\\\/\\\/www.argonandco.com\\\/fr\\\/\"},{\"@type\":\"ListItem\",\"position\":2,\"name\":\"Events\",\"item\":\"https:\\\/\\\/www.argonandco.com\\\/fr\\\/news-insights\\\/events\\\/\"},{\"@type\":\"ListItem\",\"position\":3,\"name\":\"IRIS by Argon &#038; Co au Before du Gala des Directeurs de la Supply Chain, organis\u00e9 par Supply Chain Village le 30 mai 2024 \u00e0 12h\"}]},{\"@type\":\"WebSite\",\"@id\":\"https:\\\/\\\/www.argonandco.com\\\/fr\\\/#website\",\"url\":\"https:\\\/\\\/www.argonandco.com\\\/fr\\\/\",\"name\":\"Argon &amp; Co\",\"description\":\"We help clients achieve their strategic and operational objectives, working together to transform their businesses and generate real change.\",\"potentialAction\":[{\"@type\":\"SearchAction\",\"target\":{\"@type\":\"EntryPoint\",\"urlTemplate\":\"https:\\\/\\\/www.argonandco.com\\\/fr\\\/?s={search_term_string}\"},\"query-input\":{\"@type\":\"PropertyValueSpecification\",\"valueRequired\":true,\"valueName\":\"search_term_string\"}}],\"inLanguage\":\"fr-FR\"}]}<\/script>\n<!-- \/ Yoast SEO plugin. -->","yoast_head_json":{"title":"IRIS by Argon & Co au Before du Gala des Directeurs de la Supply Chain, organis\u00e9 par Supply Chain Village le 30 mai 2024 \u00e0 12h - Argon &amp; Co","robots":{"index":"index","follow":"follow","max-snippet":"max-snippet:-1","max-image-preview":"max-image-preview:large","max-video-preview":"max-video-preview:-1"},"canonical":"https:\/\/www.argonandco.com\/fr\/news-insights\/events\/iris-by-argon-co-au-before-du-gala-des-directeurs-de-la-supply-chain-organise-par-supply-chain-village-le-30-mai-2024-a-14h-30\/","og_locale":"fr_FR","og_type":"article","og_title":"IRIS by Argon & Co au Before du Gala des Directeurs de la Supply Chain, organis\u00e9 par Supply Chain Village le 30 mai 2024 \u00e0 12h - Argon &amp; Co","og_description":"Le\u00a0Before du Gala des Directeurs de la Supply Chain, organis\u00e9 par Supply Chain Village le 30 mai prochain, est une journ\u00e9e de r\u00e9flexion et de d\u00e9bats sur les r\u00e9volutions qui transformeront la Supply Chain au cours des prochaines ann\u00e9es. Cette journ\u00e9e est organis\u00e9e autour de quatre tables rondes, qui sont les suivantes : D\u00e9carbonation de [&hellip;]","og_url":"https:\/\/www.argonandco.com\/fr\/news-insights\/events\/iris-by-argon-co-au-before-du-gala-des-directeurs-de-la-supply-chain-organise-par-supply-chain-village-le-30-mai-2024-a-14h-30\/","og_site_name":"Argon &amp; Co","article_modified_time":"2024-05-13T15:14:08+00:00","og_image":[{"width":2121,"height":1414,"url":"https:\/\/www.argonandco.com\/wp-content\/uploads\/2024\/04\/iStock-1492557734.jpg","type":"image\/jpeg"}],"twitter_card":"summary_large_image","twitter_misc":{"Dur\u00e9e de lecture estim\u00e9e":"1 minute"},"schema":{"@context":"https:\/\/schema.org","@graph":[{"@type":"WebPage","@id":"https:\/\/www.argonandco.com\/fr\/news-insights\/events\/iris-by-argon-co-au-before-du-gala-des-directeurs-de-la-supply-chain-organise-par-supply-chain-village-le-30-mai-2024-a-14h-30\/","url":"https:\/\/www.argonandco.com\/fr\/news-insights\/events\/iris-by-argon-co-au-before-du-gala-des-directeurs-de-la-supply-chain-organise-par-supply-chain-village-le-30-mai-2024-a-14h-30\/","name":"IRIS by Argon & Co au Before du Gala des Directeurs de la Supply Chain, organis\u00e9 par Supply Chain Village le 30 mai 2024 \u00e0 12h - Argon &amp; Co","isPartOf":{"@id":"https:\/\/www.argonandco.com\/fr\/#website"},"primaryImageOfPage":{"@id":"https:\/\/www.argonandco.com\/fr\/news-insights\/events\/iris-by-argon-co-au-before-du-gala-des-directeurs-de-la-supply-chain-organise-par-supply-chain-village-le-30-mai-2024-a-14h-30\/#primaryimage"},"image":{"@id":"https:\/\/www.argonandco.com\/fr\/news-insights\/events\/iris-by-argon-co-au-before-du-gala-des-directeurs-de-la-supply-chain-organise-par-supply-chain-village-le-30-mai-2024-a-14h-30\/#primaryimage"},"thumbnailUrl":"https:\/\/www.argonandco.com\/wp-content\/uploads\/2024\/04\/iStock-1492557734.jpg","datePublished":"2024-04-24T09:23:47+00:00","dateModified":"2024-05-13T15:14:08+00:00","breadcrumb":{"@id":"https:\/\/www.argonandco.com\/fr\/news-insights\/events\/iris-by-argon-co-au-before-du-gala-des-directeurs-de-la-supply-chain-organise-par-supply-chain-village-le-30-mai-2024-a-14h-30\/#breadcrumb"},"inLanguage":"fr-FR","potentialAction":[{"@type":"ReadAction","target":["https:\/\/www.argonandco.com\/fr\/news-insights\/events\/iris-by-argon-co-au-before-du-gala-des-directeurs-de-la-supply-chain-organise-par-supply-chain-village-le-30-mai-2024-a-14h-30\/"]}]},{"@type":"ImageObject","inLanguage":"fr-FR","@id":"https:\/\/www.argonandco.com\/fr\/news-insights\/events\/iris-by-argon-co-au-before-du-gala-des-directeurs-de-la-supply-chain-organise-par-supply-chain-village-le-30-mai-2024-a-14h-30\/#primaryimage","url":"https:\/\/www.argonandco.com\/wp-content\/uploads\/2024\/04\/iStock-1492557734.jpg","contentUrl":"https:\/\/www.argonandco.com\/wp-content\/uploads\/2024\/04\/iStock-1492557734.jpg","width":2121,"height":1414,"caption":"Logistic and transport concept.Smart warehouse management system.Businessman touching icon of logistics."},{"@type":"BreadcrumbList","@id":"https:\/\/www.argonandco.com\/fr\/news-insights\/events\/iris-by-argon-co-au-before-du-gala-des-directeurs-de-la-supply-chain-organise-par-supply-chain-village-le-30-mai-2024-a-14h-30\/#breadcrumb","itemListElement":[{"@type":"ListItem","position":1,"name":"Home","item":"https:\/\/www.argonandco.com\/fr\/"},{"@type":"ListItem","position":2,"name":"Events","item":"https:\/\/www.argonandco.com\/fr\/news-insights\/events\/"},{"@type":"ListItem","position":3,"name":"IRIS by Argon &#038; Co au Before du Gala des Directeurs de la Supply Chain, organis\u00e9 par Supply Chain Village le 30 mai 2024 \u00e0 12h"}]},{"@type":"WebSite","@id":"https:\/\/www.argonandco.com\/fr\/#website","url":"https:\/\/www.argonandco.com\/fr\/","name":"Argon &amp; Co","description":"We help clients achieve their strategic and operational objectives, working together to transform their businesses and generate real change.","potentialAction":[{"@type":"SearchAction","target":{"@type":"EntryPoint","urlTemplate":"https:\/\/www.argonandco.com\/fr\/?s={search_term_string}"},"query-input":{"@type":"PropertyValueSpecification","valueRequired":true,"valueName":"search_term_string"}}],"inLanguage":"fr-FR"}]}},"_links":{"self":[{"href":"https:\/\/www.argonandco.com\/fr\/wp-json\/wp\/v2\/event\/27609","targetHints":{"allow":["GET"]}}],"collection":[{"href":"https:\/\/www.argonandco.com\/fr\/wp-json\/wp\/v2\/event"}],"about":[{"href":"https:\/\/www.argonandco.com\/fr\/wp-json\/wp\/v2\/types\/event"}],"version-history":[{"count":0,"href":"https:\/\/www.argonandco.com\/fr\/wp-json\/wp\/v2\/event\/27609\/revisions"}],"wp:featuredmedia":[{"embeddable":true,"href":"https:\/\/www.argonandco.com\/fr\/wp-json\/wp\/v2\/media\/27625"}],"wp:attachment":[{"href":"https:\/\/www.argonandco.com\/fr\/wp-json\/wp\/v2\/media?parent=27609"}],"curies":[{"name":"wp","href":"https:\/\/api.w.org\/{rel}","templated":true}]}}