{"id":25589,"date":"2023-11-02T11:13:03","date_gmt":"2023-11-02T11:13:03","guid":{"rendered":"https:\/\/www.argonandco.com\/?post_type=event&#038;p=25589"},"modified":"2023-11-02T11:15:54","modified_gmt":"2023-11-02T11:15:54","slug":"argon-co-a-lavant-garde-du-35eme-seminaire-carrefours-excellences-supply-chain-reinventer-la-supply-chain-pour-un-avenir-durable","status":"publish","type":"event","link":"https:\/\/www.argonandco.com\/fr\/news-insights\/events\/argon-co-a-lavant-garde-du-35eme-seminaire-carrefours-excellences-supply-chain-reinventer-la-supply-chain-pour-un-avenir-durable\/","title":{"rendered":"Argon &#038; Co \u00e0 l&rsquo;Avant-Garde du 35\u00e8me S\u00e9minaire Carrefours Excellences Supply Chain"},"content":{"rendered":"<p class=\"Autre\" style=\"margin-left: 0cm; text-align: justify;\">Chaque ann\u00e9e, le S\u00e9minaire Carrefours Excellences Supply Chain demeure un rendez-vous incontournable pour les professionnels et les entreprises d\u00e9sireux de s&rsquo;informer sur les derni\u00e8res tendances et innovations dans le domaine de la Supply Chain. L&rsquo;\u00e9dition pr\u00e9c\u00e9dente fut un succ\u00e8s retentissant, et nous sommes ravis de vous annoncer la participation d&rsquo;Argon &amp; Co au <b>35\u00e8me S\u00e9minaire Carrefours Excellences Supply Chain<\/b>, qui se tiendra les 22 et 23 novembre 2023 \u00e0 l&rsquo;H\u00f4tel Holiday Inn Paris Gare de Lyon.<\/p>\n<h2>L&rsquo;\u00c9v\u00e9nement<\/h2>\n<p class=\"Autre\" style=\"margin-left: 0cm; text-align: justify;\">Cette ann\u00e9e, le th\u00e8me du s\u00e9minaire est \u00ab\u00a0<b><i>Reset Supply Chain : disrupter l\u2019operating model pour conjuguer agilit\u00e9, efficience et durabilit\u00e9.<\/i><\/b>\u00a0\u00bb Il met en avant l&rsquo;imp\u00e9ratif de repenser nos pratiques en mati\u00e8re de Supply Chain pour r\u00e9pondre aux enjeux contemporains, notamment la n\u00e9cessit\u00e9 d&rsquo;associer agilit\u00e9, efficience et durabilit\u00e9. Au programme, vous d\u00e9couvrirez 16 t\u00e9moignages et 10 \u00e9tudes de cas, qui apporteront des \u00e9clairages pr\u00e9cieux sur la mani\u00e8re dont les entreprises transforment leurs cha\u00eenes d&rsquo;approvisionnement pour affronter les d\u00e9fis d&rsquo;aujourd&rsquo;hui.<\/p>\n<h2>La Participation d&rsquo;Argon &amp; Co<\/h2>\n<p>Le mercredi 22 novembre \u00e0 8h, Fabrice Bonneau, Associ\u00e9 Fondateur d&rsquo;Argon &amp; Co, prononcera l&rsquo;allocution d&rsquo;ouverture, donnant le ton \u00e0 deux journ\u00e9es riches en partages et en r\u00e9flexions.<br \/>\nJeudi 23 novembre 2023, de 10h \u00e0 11h, vous pourrez assister \u00e0 l\u2019intervention de Fabrice Bonneau, Associ\u00e9 Fondateur, et Thierry Lucas, Partner chez Argon &amp; Co sur le th\u00e8me : \u00ab\u00a0No Chain Planning\u00a0\u00bb : une approche de planification industrielle en rupture quand le concept m\u00eame de Supply Chain atteint ses limites. Cette intervention sera suivie d&rsquo;un d\u00e9bat anim\u00e9, offrant l&rsquo;opportunit\u00e9 d&rsquo;approfondir ces r\u00e9flexions novatrices.<\/p>\n<h2>Comment Participer<\/h2>\n<p>L&rsquo;\u00e9v\u00e9nement promet d&rsquo;\u00eatre une source d&rsquo;inspiration pour tous ceux qui s&rsquo;int\u00e9ressent \u00e0 la transformation des cha\u00eenes d&rsquo;approvisionnement. Si vous souhaitez faire partie de cette exp\u00e9rience in\u00e9dite, il est encore temps de r\u00e9server votre place. Pour vous inscrire \u00e0 la conf\u00e9rence, contactez Florence Weber au 00 33(0)1 42 01 48 01 ou par email : becomm@carrefours-excellences.com.<\/p>\n<p>Nous sommes impatients de vous retrouver ! Pour plus d&rsquo;informations sur le programme de l&rsquo;\u00e9v\u00e9nement, vous pouvez visiter <a href=\"https:\/\/www.carrefours-excellences.com\/supply-chain\">le site internet de Carrefours Excellences<\/a> ou consulter leur <a href=\"https:\/\/www.linkedin.com\/company\/carrefours-excellences\/\">Page LinkedIn<\/a>.<\/p>\n<p><a href=\"https:\/\/www.carrefours-excellences.com\/supply-chain\"><img loading=\"lazy\" decoding=\"async\" class=\"alignnone wp-image-17444\" src=\"https:\/\/www.argonandco.com\/wp-content\/uploads\/2021\/11\/Logo_Carrefours_Excellences_vert_transparent.png\" alt=\"\" width=\"186\" height=\"169\" srcset=\"https:\/\/www.argonandco.com\/wp-content\/uploads\/2021\/11\/Logo_Carrefours_Excellences_vert_transparent.png 583w, https:\/\/www.argonandco.com\/wp-content\/uploads\/2021\/11\/Logo_Carrefours_Excellences_vert_transparent-300x273.png 300w, https:\/\/www.argonandco.com\/wp-content\/uploads\/2021\/11\/Logo_Carrefours_Excellences_vert_transparent-400x364.png 400w\" sizes=\"auto, (max-width: 186px) 100vw, 186px\" \/><\/a><\/p>\n<p>En savoir plus sur notre offre <a href=\"https:\/\/www.argonandco.com\/fr\/expertises\/supply-chain-planning\/no-chain-planning\/\">No Chain Planning<\/a><\/p>\n","protected":false},"featured_media":25592,"template":"","class_list":["post-25589","event","type-event","status-publish","has-post-thumbnail","hentry"],"acf":[],"yoast_head":"<!-- This site is optimized with the Yoast SEO plugin v27.5 - https:\/\/yoast.com\/product\/yoast-seo-wordpress\/ -->\n<title>Argon &amp; Co \u00e0 l&#039;Avant-Garde du 35\u00e8me S\u00e9minaire Carrefours Excellences Supply Chain - Argon &amp; Co<\/title>\n<meta name=\"robots\" content=\"index, follow, max-snippet:-1, max-image-preview:large, max-video-preview:-1\" \/>\n<link rel=\"canonical\" href=\"https:\/\/www.argonandco.com\/fr\/news-insights\/events\/argon-co-a-lavant-garde-du-35eme-seminaire-carrefours-excellences-supply-chain-reinventer-la-supply-chain-pour-un-avenir-durable\/\" \/>\n<meta property=\"og:locale\" content=\"fr_FR\" \/>\n<meta property=\"og:type\" content=\"article\" \/>\n<meta property=\"og:title\" content=\"Argon &amp; Co \u00e0 l&#039;Avant-Garde du 35\u00e8me S\u00e9minaire Carrefours Excellences Supply Chain - Argon &amp; Co\" \/>\n<meta property=\"og:description\" content=\"Chaque ann\u00e9e, le S\u00e9minaire Carrefours Excellences Supply Chain demeure un rendez-vous incontournable pour les professionnels et les entreprises d\u00e9sireux de s&rsquo;informer sur les derni\u00e8res tendances et innovations dans le domaine de la Supply Chain. L&rsquo;\u00e9dition pr\u00e9c\u00e9dente fut un succ\u00e8s retentissant, et nous sommes ravis de vous annoncer la participation d&rsquo;Argon &amp; Co au 35\u00e8me S\u00e9minaire [&hellip;]\" \/>\n<meta property=\"og:url\" content=\"https:\/\/www.argonandco.com\/fr\/news-insights\/events\/argon-co-a-lavant-garde-du-35eme-seminaire-carrefours-excellences-supply-chain-reinventer-la-supply-chain-pour-un-avenir-durable\/\" \/>\n<meta property=\"og:site_name\" content=\"Argon &amp; Co\" \/>\n<meta property=\"article:modified_time\" content=\"2023-11-02T11:15:54+00:00\" \/>\n<meta property=\"og:image\" content=\"https:\/\/www.argonandco.com\/wp-content\/uploads\/2023\/10\/Supply-Chain-Calcul-Signal-scaled.jpg\" \/>\n\t<meta property=\"og:image:width\" content=\"2560\" \/>\n\t<meta property=\"og:image:height\" content=\"1440\" \/>\n\t<meta property=\"og:image:type\" content=\"image\/jpeg\" \/>\n<meta name=\"twitter:card\" content=\"summary_large_image\" \/>\n<meta name=\"twitter:label1\" content=\"Dur\u00e9e de lecture estim\u00e9e\" \/>\n\t<meta name=\"twitter:data1\" content=\"2 minutes\" \/>\n<script type=\"application\/ld+json\" class=\"yoast-schema-graph\">{\"@context\":\"https:\\\/\\\/schema.org\",\"@graph\":[{\"@type\":\"WebPage\",\"@id\":\"https:\\\/\\\/www.argonandco.com\\\/fr\\\/news-insights\\\/events\\\/argon-co-a-lavant-garde-du-35eme-seminaire-carrefours-excellences-supply-chain-reinventer-la-supply-chain-pour-un-avenir-durable\\\/\",\"url\":\"https:\\\/\\\/www.argonandco.com\\\/fr\\\/news-insights\\\/events\\\/argon-co-a-lavant-garde-du-35eme-seminaire-carrefours-excellences-supply-chain-reinventer-la-supply-chain-pour-un-avenir-durable\\\/\",\"name\":\"Argon & Co \u00e0 l'Avant-Garde du 35\u00e8me S\u00e9minaire Carrefours Excellences Supply Chain - Argon &amp; Co\",\"isPartOf\":{\"@id\":\"https:\\\/\\\/www.argonandco.com\\\/fr\\\/#website\"},\"primaryImageOfPage\":{\"@id\":\"https:\\\/\\\/www.argonandco.com\\\/fr\\\/news-insights\\\/events\\\/argon-co-a-lavant-garde-du-35eme-seminaire-carrefours-excellences-supply-chain-reinventer-la-supply-chain-pour-un-avenir-durable\\\/#primaryimage\"},\"image\":{\"@id\":\"https:\\\/\\\/www.argonandco.com\\\/fr\\\/news-insights\\\/events\\\/argon-co-a-lavant-garde-du-35eme-seminaire-carrefours-excellences-supply-chain-reinventer-la-supply-chain-pour-un-avenir-durable\\\/#primaryimage\"},\"thumbnailUrl\":\"https:\\\/\\\/www.argonandco.com\\\/wp-content\\\/uploads\\\/2023\\\/10\\\/Supply-Chain-Calcul-Signal-scaled.jpg\",\"datePublished\":\"2023-11-02T11:13:03+00:00\",\"dateModified\":\"2023-11-02T11:15:54+00:00\",\"breadcrumb\":{\"@id\":\"https:\\\/\\\/www.argonandco.com\\\/fr\\\/news-insights\\\/events\\\/argon-co-a-lavant-garde-du-35eme-seminaire-carrefours-excellences-supply-chain-reinventer-la-supply-chain-pour-un-avenir-durable\\\/#breadcrumb\"},\"inLanguage\":\"fr-FR\",\"potentialAction\":[{\"@type\":\"ReadAction\",\"target\":[\"https:\\\/\\\/www.argonandco.com\\\/fr\\\/news-insights\\\/events\\\/argon-co-a-lavant-garde-du-35eme-seminaire-carrefours-excellences-supply-chain-reinventer-la-supply-chain-pour-un-avenir-durable\\\/\"]}]},{\"@type\":\"ImageObject\",\"inLanguage\":\"fr-FR\",\"@id\":\"https:\\\/\\\/www.argonandco.com\\\/fr\\\/news-insights\\\/events\\\/argon-co-a-lavant-garde-du-35eme-seminaire-carrefours-excellences-supply-chain-reinventer-la-supply-chain-pour-un-avenir-durable\\\/#primaryimage\",\"url\":\"https:\\\/\\\/www.argonandco.com\\\/wp-content\\\/uploads\\\/2023\\\/10\\\/Supply-Chain-Calcul-Signal-scaled.jpg\",\"contentUrl\":\"https:\\\/\\\/www.argonandco.com\\\/wp-content\\\/uploads\\\/2023\\\/10\\\/Supply-Chain-Calcul-Signal-scaled.jpg\",\"width\":2560,\"height\":1440,\"caption\":\"Transportation and technology concept. ITS (Intelligent Transport Systems). Mobility as a service. Japanese translation: \\\"Join\\\"\"},{\"@type\":\"BreadcrumbList\",\"@id\":\"https:\\\/\\\/www.argonandco.com\\\/fr\\\/news-insights\\\/events\\\/argon-co-a-lavant-garde-du-35eme-seminaire-carrefours-excellences-supply-chain-reinventer-la-supply-chain-pour-un-avenir-durable\\\/#breadcrumb\",\"itemListElement\":[{\"@type\":\"ListItem\",\"position\":1,\"name\":\"Home\",\"item\":\"https:\\\/\\\/www.argonandco.com\\\/fr\\\/\"},{\"@type\":\"ListItem\",\"position\":2,\"name\":\"Events\",\"item\":\"https:\\\/\\\/www.argonandco.com\\\/fr\\\/news-insights\\\/events\\\/\"},{\"@type\":\"ListItem\",\"position\":3,\"name\":\"Argon &#038; Co \u00e0 l&#8217;Avant-Garde du 35\u00e8me S\u00e9minaire Carrefours Excellences Supply Chain\"}]},{\"@type\":\"WebSite\",\"@id\":\"https:\\\/\\\/www.argonandco.com\\\/fr\\\/#website\",\"url\":\"https:\\\/\\\/www.argonandco.com\\\/fr\\\/\",\"name\":\"Argon &amp; Co\",\"description\":\"We help clients achieve their strategic and operational objectives, working together to transform their businesses and generate real change.\",\"potentialAction\":[{\"@type\":\"SearchAction\",\"target\":{\"@type\":\"EntryPoint\",\"urlTemplate\":\"https:\\\/\\\/www.argonandco.com\\\/fr\\\/?s={search_term_string}\"},\"query-input\":{\"@type\":\"PropertyValueSpecification\",\"valueRequired\":true,\"valueName\":\"search_term_string\"}}],\"inLanguage\":\"fr-FR\"}]}<\/script>\n<!-- \/ Yoast SEO plugin. -->","yoast_head_json":{"title":"Argon & Co \u00e0 l'Avant-Garde du 35\u00e8me S\u00e9minaire Carrefours Excellences Supply Chain - Argon &amp; Co","robots":{"index":"index","follow":"follow","max-snippet":"max-snippet:-1","max-image-preview":"max-image-preview:large","max-video-preview":"max-video-preview:-1"},"canonical":"https:\/\/www.argonandco.com\/fr\/news-insights\/events\/argon-co-a-lavant-garde-du-35eme-seminaire-carrefours-excellences-supply-chain-reinventer-la-supply-chain-pour-un-avenir-durable\/","og_locale":"fr_FR","og_type":"article","og_title":"Argon & Co \u00e0 l'Avant-Garde du 35\u00e8me S\u00e9minaire Carrefours Excellences Supply Chain - Argon &amp; Co","og_description":"Chaque ann\u00e9e, le S\u00e9minaire Carrefours Excellences Supply Chain demeure un rendez-vous incontournable pour les professionnels et les entreprises d\u00e9sireux de s&rsquo;informer sur les derni\u00e8res tendances et innovations dans le domaine de la Supply Chain. L&rsquo;\u00e9dition pr\u00e9c\u00e9dente fut un succ\u00e8s retentissant, et nous sommes ravis de vous annoncer la participation d&rsquo;Argon &amp; Co au 35\u00e8me S\u00e9minaire [&hellip;]","og_url":"https:\/\/www.argonandco.com\/fr\/news-insights\/events\/argon-co-a-lavant-garde-du-35eme-seminaire-carrefours-excellences-supply-chain-reinventer-la-supply-chain-pour-un-avenir-durable\/","og_site_name":"Argon &amp; Co","article_modified_time":"2023-11-02T11:15:54+00:00","og_image":[{"width":2560,"height":1440,"url":"https:\/\/www.argonandco.com\/wp-content\/uploads\/2023\/10\/Supply-Chain-Calcul-Signal-scaled.jpg","type":"image\/jpeg"}],"twitter_card":"summary_large_image","twitter_misc":{"Dur\u00e9e de lecture estim\u00e9e":"2 minutes"},"schema":{"@context":"https:\/\/schema.org","@graph":[{"@type":"WebPage","@id":"https:\/\/www.argonandco.com\/fr\/news-insights\/events\/argon-co-a-lavant-garde-du-35eme-seminaire-carrefours-excellences-supply-chain-reinventer-la-supply-chain-pour-un-avenir-durable\/","url":"https:\/\/www.argonandco.com\/fr\/news-insights\/events\/argon-co-a-lavant-garde-du-35eme-seminaire-carrefours-excellences-supply-chain-reinventer-la-supply-chain-pour-un-avenir-durable\/","name":"Argon & Co \u00e0 l'Avant-Garde du 35\u00e8me S\u00e9minaire Carrefours Excellences Supply Chain - Argon &amp; Co","isPartOf":{"@id":"https:\/\/www.argonandco.com\/fr\/#website"},"primaryImageOfPage":{"@id":"https:\/\/www.argonandco.com\/fr\/news-insights\/events\/argon-co-a-lavant-garde-du-35eme-seminaire-carrefours-excellences-supply-chain-reinventer-la-supply-chain-pour-un-avenir-durable\/#primaryimage"},"image":{"@id":"https:\/\/www.argonandco.com\/fr\/news-insights\/events\/argon-co-a-lavant-garde-du-35eme-seminaire-carrefours-excellences-supply-chain-reinventer-la-supply-chain-pour-un-avenir-durable\/#primaryimage"},"thumbnailUrl":"https:\/\/www.argonandco.com\/wp-content\/uploads\/2023\/10\/Supply-Chain-Calcul-Signal-scaled.jpg","datePublished":"2023-11-02T11:13:03+00:00","dateModified":"2023-11-02T11:15:54+00:00","breadcrumb":{"@id":"https:\/\/www.argonandco.com\/fr\/news-insights\/events\/argon-co-a-lavant-garde-du-35eme-seminaire-carrefours-excellences-supply-chain-reinventer-la-supply-chain-pour-un-avenir-durable\/#breadcrumb"},"inLanguage":"fr-FR","potentialAction":[{"@type":"ReadAction","target":["https:\/\/www.argonandco.com\/fr\/news-insights\/events\/argon-co-a-lavant-garde-du-35eme-seminaire-carrefours-excellences-supply-chain-reinventer-la-supply-chain-pour-un-avenir-durable\/"]}]},{"@type":"ImageObject","inLanguage":"fr-FR","@id":"https:\/\/www.argonandco.com\/fr\/news-insights\/events\/argon-co-a-lavant-garde-du-35eme-seminaire-carrefours-excellences-supply-chain-reinventer-la-supply-chain-pour-un-avenir-durable\/#primaryimage","url":"https:\/\/www.argonandco.com\/wp-content\/uploads\/2023\/10\/Supply-Chain-Calcul-Signal-scaled.jpg","contentUrl":"https:\/\/www.argonandco.com\/wp-content\/uploads\/2023\/10\/Supply-Chain-Calcul-Signal-scaled.jpg","width":2560,"height":1440,"caption":"Transportation and technology concept. ITS (Intelligent Transport Systems). Mobility as a service. Japanese translation: \"Join\""},{"@type":"BreadcrumbList","@id":"https:\/\/www.argonandco.com\/fr\/news-insights\/events\/argon-co-a-lavant-garde-du-35eme-seminaire-carrefours-excellences-supply-chain-reinventer-la-supply-chain-pour-un-avenir-durable\/#breadcrumb","itemListElement":[{"@type":"ListItem","position":1,"name":"Home","item":"https:\/\/www.argonandco.com\/fr\/"},{"@type":"ListItem","position":2,"name":"Events","item":"https:\/\/www.argonandco.com\/fr\/news-insights\/events\/"},{"@type":"ListItem","position":3,"name":"Argon &#038; Co \u00e0 l&#8217;Avant-Garde du 35\u00e8me S\u00e9minaire Carrefours Excellences Supply Chain"}]},{"@type":"WebSite","@id":"https:\/\/www.argonandco.com\/fr\/#website","url":"https:\/\/www.argonandco.com\/fr\/","name":"Argon &amp; Co","description":"We help clients achieve their strategic and operational objectives, working together to transform their businesses and generate real change.","potentialAction":[{"@type":"SearchAction","target":{"@type":"EntryPoint","urlTemplate":"https:\/\/www.argonandco.com\/fr\/?s={search_term_string}"},"query-input":{"@type":"PropertyValueSpecification","valueRequired":true,"valueName":"search_term_string"}}],"inLanguage":"fr-FR"}]}},"_links":{"self":[{"href":"https:\/\/www.argonandco.com\/fr\/wp-json\/wp\/v2\/event\/25589","targetHints":{"allow":["GET"]}}],"collection":[{"href":"https:\/\/www.argonandco.com\/fr\/wp-json\/wp\/v2\/event"}],"about":[{"href":"https:\/\/www.argonandco.com\/fr\/wp-json\/wp\/v2\/types\/event"}],"version-history":[{"count":0,"href":"https:\/\/www.argonandco.com\/fr\/wp-json\/wp\/v2\/event\/25589\/revisions"}],"wp:featuredmedia":[{"embeddable":true,"href":"https:\/\/www.argonandco.com\/fr\/wp-json\/wp\/v2\/media\/25592"}],"wp:attachment":[{"href":"https:\/\/www.argonandco.com\/fr\/wp-json\/wp\/v2\/media?parent=25589"}],"curies":[{"name":"wp","href":"https:\/\/api.w.org\/{rel}","templated":true}]}}