{"id":25117,"date":"2023-09-19T15:32:25","date_gmt":"2023-09-19T14:32:25","guid":{"rendered":"https:\/\/www.argonandco.com\/?post_type=event&#038;p=25117"},"modified":"2023-09-19T15:51:51","modified_gmt":"2023-09-19T14:51:51","slug":"reforme-de-la-facturation-electronique-un-webinar-avec-option-finance-et-argon-co","status":"publish","type":"event","link":"https:\/\/www.argonandco.com\/fr\/news-insights\/events\/reforme-de-la-facturation-electronique-un-webinar-avec-option-finance-et-argon-co\/","title":{"rendered":"R\u00e9forme sur la facturation \u00e9lectronique : la dynamique doit se poursuivre ! Webinar en partenariat avec OPTION FINANCE"},"content":{"rendered":"<p><strong>R\u00e9forme sur la facturation \u00e9lectronique : la dynamique doit se poursuivre <\/strong><\/p>\n<p>Nous avons le plaisir de vous inviter au Webinar sp\u00e9cial organis\u00e9 par Option Finance dans sa s\u00e9rie \u00ab\u00a0Les Directs\u00a0\u00bb.<\/p>\n<p>Il abordera un sujet crucial pour votre domaine : la r\u00e9forme sur la facturation \u00e9lectronique, sous le th\u00e8me \u00ab\u00a0<em>R\u00e9forme sur la facturation \u00e9lectronique : la dynamique doit se poursuivre<\/em>\u00ab\u00a0.<\/p>\n<p>Ce rendez-vous incontournable se tiendra le <strong>26 septembre 2023, de 11h \u00e0 12h<\/strong>.<\/p>\n<p>Rejoignez-nous pour obtenir des informations essentielles et des conseils pratiques sur cette r\u00e9forme, afin de rester \u00e0 la pointe des \u00e9volutions r\u00e9glementaires qui impactent votre entreprise. Inscrivez-vous d\u00e8s maintenant pour garantir votre place et pr\u00e9parer au mieux votre organisation \u00e0 cette transition in\u00e9vitable.<\/p>\n<p style=\"text-align: center;\"><strong><a class=\"button\" href=\"https:\/\/evenements.optionfinance.fr\/webinar-facturation-electronique\">Je m&rsquo;inscris<\/a><\/strong><strong>\u00a0<\/strong><\/p>\n<p><strong>Au programme :<\/strong><\/p>\n<p>\u2022 La donne change-t-elle vraiment pour les entreprises ?<br \/>\n\u2022 Dans quelle mesure faut-il poursuivre les projets pour celles qui les ont d\u00e9j\u00e0 engag\u00e9s, et se mettre en ordre de marche pour les autres ?<br \/>\n\u2022 Comment anticiper et ma\u00eetriser les impacts technologiques, organisationnels et financiers de cette r\u00e9forme ?<\/p>\n<p><strong>Avec :<\/strong><\/p>\n<p><strong>Cyrille SAUTEREAU est Pr\u00e9sident du Forum National de la Facture \u00c9lectronique<\/strong> depuis 2015, association qui comporte plus de 200 membres. Il commence sa carri\u00e8re dans les ann\u00e9es 1990 dans le groupe La Poste o\u00f9 il contribue \u00e0 la cr\u00e9ation de la Banque Postale. Il a fond\u00e9 un des premiers op\u00e9rateurs de facturation \u00e9lectronique en France, d\u00e9nomm\u00e9 Deskom, vendu \u00e0 CEGEDIM en 2010. Depuis 2012, il met son exp\u00e9rience d\u2019entrepreneur et d\u2019expert de la transition digitale des processus m\u00e9tiers au service des entreprises, des offreurs et des r\u00e9gulateurs au sein de sa structure de conseil Admarel Conseil, avec un focus particulier sur le d\u00e9ploiement des usages de la facture \u00e9lectronique et de la supply chain en France et en UE.<\/p>\n<p><strong>Renaud TEXCIER, Associate Partner, Argon &amp; Co <\/strong><br \/>\nEn charge de l\u2019offre facturation \u00e9lectronique chez Argon &amp; Co, Renaud a 15 ans d\u2019exp\u00e9rience dans le conseil sur des projets de comp\u00e9titivit\u00e9 des SG&amp;A et de transformation des fonctions support et commerciales (operating model, optimisation et digitalisation des processus \u2026). Il accompagne depuis plusieurs ann\u00e9es les Directions Financi\u00e8res dans l\u2019optimisation des cycles d\u2019achats (Procure-to-Pay, P2P) et de ventes (Order-to-Cash, O2C), Renaud a ainsi pu d\u00e9velopper une expertise forte autour de la facturation \u00e9lectronique. Il accompagne aujourd\u2019hui ses clients sur l&rsquo;ensemble du process de la facturation \u00e9lectronique.<\/p>\n<p><a href=\"https:\/\/www.argonandco.com\/fr\/expertises\/finance\/\">Plus d&rsquo;informations sur notre offre finance ici<\/a><img loading=\"lazy\" decoding=\"async\" class=\"alignnone wp-image-25131\" style=\"font-size: 1.125rem;\" src=\"https:\/\/www.argonandco.com\/wp-content\/uploads\/2023\/09\/Linkedin-Post-Facturation-electronique-300x157.png\" alt=\"\" width=\"495\" height=\"259\" srcset=\"https:\/\/www.argonandco.com\/wp-content\/uploads\/2023\/09\/Linkedin-Post-Facturation-electronique-300x157.png 300w, https:\/\/www.argonandco.com\/wp-content\/uploads\/2023\/09\/Linkedin-Post-Facturation-electronique-1024x536.png 1024w, https:\/\/www.argonandco.com\/wp-content\/uploads\/2023\/09\/Linkedin-Post-Facturation-electronique-768x402.png 768w, https:\/\/www.argonandco.com\/wp-content\/uploads\/2023\/09\/Linkedin-Post-Facturation-electronique-1536x804.png 1536w, https:\/\/www.argonandco.com\/wp-content\/uploads\/2023\/09\/Linkedin-Post-Facturation-electronique-2048x1072.png 2048w, https:\/\/www.argonandco.com\/wp-content\/uploads\/2023\/09\/Linkedin-Post-Facturation-electronique-400x209.png 400w\" sizes=\"auto, (max-width: 495px) 100vw, 495px\" \/><\/p>\n","protected":false},"featured_media":25121,"template":"","class_list":["post-25117","event","type-event","status-publish","has-post-thumbnail","hentry"],"acf":[],"yoast_head":"<!-- This site is optimized with the Yoast SEO plugin v27.5 - https:\/\/yoast.com\/product\/yoast-seo-wordpress\/ -->\n<title>R\u00e9forme sur la facturation \u00e9lectronique : la dynamique doit se poursuivre ! Webinar en partenariat avec OPTION FINANCE - Argon &amp; Co<\/title>\n<meta name=\"robots\" content=\"index, follow, max-snippet:-1, max-image-preview:large, max-video-preview:-1\" \/>\n<link rel=\"canonical\" href=\"https:\/\/www.argonandco.com\/fr\/news-insights\/events\/reforme-de-la-facturation-electronique-un-webinar-avec-option-finance-et-argon-co\/\" \/>\n<meta property=\"og:locale\" content=\"fr_FR\" \/>\n<meta property=\"og:type\" content=\"article\" \/>\n<meta property=\"og:title\" content=\"R\u00e9forme sur la facturation \u00e9lectronique : la dynamique doit se poursuivre ! Webinar en partenariat avec OPTION FINANCE - Argon &amp; Co\" \/>\n<meta property=\"og:description\" content=\"R\u00e9forme sur la facturation \u00e9lectronique : la dynamique doit se poursuivre Nous avons le plaisir de vous inviter au Webinar sp\u00e9cial organis\u00e9 par Option Finance dans sa s\u00e9rie \u00ab\u00a0Les Directs\u00a0\u00bb. Il abordera un sujet crucial pour votre domaine : la r\u00e9forme sur la facturation \u00e9lectronique, sous le th\u00e8me \u00ab\u00a0R\u00e9forme sur la facturation \u00e9lectronique : la [&hellip;]\" \/>\n<meta property=\"og:url\" content=\"https:\/\/www.argonandco.com\/fr\/news-insights\/events\/reforme-de-la-facturation-electronique-un-webinar-avec-option-finance-et-argon-co\/\" \/>\n<meta property=\"og:site_name\" content=\"Argon &amp; Co\" \/>\n<meta property=\"article:modified_time\" content=\"2023-09-19T14:51:51+00:00\" \/>\n<meta property=\"og:image\" content=\"https:\/\/www.argonandco.com\/wp-content\/uploads\/2023\/09\/Background-website.png\" \/>\n\t<meta property=\"og:image:width\" content=\"2560\" \/>\n\t<meta property=\"og:image:height\" content=\"1810\" \/>\n\t<meta property=\"og:image:type\" content=\"image\/png\" \/>\n<meta name=\"twitter:card\" content=\"summary_large_image\" \/>\n<meta name=\"twitter:label1\" content=\"Dur\u00e9e de lecture estim\u00e9e\" \/>\n\t<meta name=\"twitter:data1\" content=\"2 minutes\" \/>\n<script type=\"application\/ld+json\" class=\"yoast-schema-graph\">{\"@context\":\"https:\\\/\\\/schema.org\",\"@graph\":[{\"@type\":\"WebPage\",\"@id\":\"https:\\\/\\\/www.argonandco.com\\\/fr\\\/news-insights\\\/events\\\/reforme-de-la-facturation-electronique-un-webinar-avec-option-finance-et-argon-co\\\/\",\"url\":\"https:\\\/\\\/www.argonandco.com\\\/fr\\\/news-insights\\\/events\\\/reforme-de-la-facturation-electronique-un-webinar-avec-option-finance-et-argon-co\\\/\",\"name\":\"R\u00e9forme sur la facturation \u00e9lectronique : la dynamique doit se poursuivre ! Webinar en partenariat avec OPTION FINANCE - Argon &amp; Co\",\"isPartOf\":{\"@id\":\"https:\\\/\\\/www.argonandco.com\\\/fr\\\/#website\"},\"primaryImageOfPage\":{\"@id\":\"https:\\\/\\\/www.argonandco.com\\\/fr\\\/news-insights\\\/events\\\/reforme-de-la-facturation-electronique-un-webinar-avec-option-finance-et-argon-co\\\/#primaryimage\"},\"image\":{\"@id\":\"https:\\\/\\\/www.argonandco.com\\\/fr\\\/news-insights\\\/events\\\/reforme-de-la-facturation-electronique-un-webinar-avec-option-finance-et-argon-co\\\/#primaryimage\"},\"thumbnailUrl\":\"https:\\\/\\\/www.argonandco.com\\\/wp-content\\\/uploads\\\/2023\\\/09\\\/Background-website.png\",\"datePublished\":\"2023-09-19T14:32:25+00:00\",\"dateModified\":\"2023-09-19T14:51:51+00:00\",\"breadcrumb\":{\"@id\":\"https:\\\/\\\/www.argonandco.com\\\/fr\\\/news-insights\\\/events\\\/reforme-de-la-facturation-electronique-un-webinar-avec-option-finance-et-argon-co\\\/#breadcrumb\"},\"inLanguage\":\"fr-FR\",\"potentialAction\":[{\"@type\":\"ReadAction\",\"target\":[\"https:\\\/\\\/www.argonandco.com\\\/fr\\\/news-insights\\\/events\\\/reforme-de-la-facturation-electronique-un-webinar-avec-option-finance-et-argon-co\\\/\"]}]},{\"@type\":\"ImageObject\",\"inLanguage\":\"fr-FR\",\"@id\":\"https:\\\/\\\/www.argonandco.com\\\/fr\\\/news-insights\\\/events\\\/reforme-de-la-facturation-electronique-un-webinar-avec-option-finance-et-argon-co\\\/#primaryimage\",\"url\":\"https:\\\/\\\/www.argonandco.com\\\/wp-content\\\/uploads\\\/2023\\\/09\\\/Background-website.png\",\"contentUrl\":\"https:\\\/\\\/www.argonandco.com\\\/wp-content\\\/uploads\\\/2023\\\/09\\\/Background-website.png\",\"width\":2560,\"height\":1810},{\"@type\":\"BreadcrumbList\",\"@id\":\"https:\\\/\\\/www.argonandco.com\\\/fr\\\/news-insights\\\/events\\\/reforme-de-la-facturation-electronique-un-webinar-avec-option-finance-et-argon-co\\\/#breadcrumb\",\"itemListElement\":[{\"@type\":\"ListItem\",\"position\":1,\"name\":\"Home\",\"item\":\"https:\\\/\\\/www.argonandco.com\\\/fr\\\/\"},{\"@type\":\"ListItem\",\"position\":2,\"name\":\"Events\",\"item\":\"https:\\\/\\\/www.argonandco.com\\\/fr\\\/news-insights\\\/events\\\/\"},{\"@type\":\"ListItem\",\"position\":3,\"name\":\"R\u00e9forme sur la facturation \u00e9lectronique : la dynamique doit se poursuivre ! Webinar en partenariat avec OPTION FINANCE\"}]},{\"@type\":\"WebSite\",\"@id\":\"https:\\\/\\\/www.argonandco.com\\\/fr\\\/#website\",\"url\":\"https:\\\/\\\/www.argonandco.com\\\/fr\\\/\",\"name\":\"Argon &amp; Co\",\"description\":\"We help clients achieve their strategic and operational objectives, working together to transform their businesses and generate real change.\",\"potentialAction\":[{\"@type\":\"SearchAction\",\"target\":{\"@type\":\"EntryPoint\",\"urlTemplate\":\"https:\\\/\\\/www.argonandco.com\\\/fr\\\/?s={search_term_string}\"},\"query-input\":{\"@type\":\"PropertyValueSpecification\",\"valueRequired\":true,\"valueName\":\"search_term_string\"}}],\"inLanguage\":\"fr-FR\"}]}<\/script>\n<!-- \/ Yoast SEO plugin. -->","yoast_head_json":{"title":"R\u00e9forme sur la facturation \u00e9lectronique : la dynamique doit se poursuivre ! Webinar en partenariat avec OPTION FINANCE - Argon &amp; Co","robots":{"index":"index","follow":"follow","max-snippet":"max-snippet:-1","max-image-preview":"max-image-preview:large","max-video-preview":"max-video-preview:-1"},"canonical":"https:\/\/www.argonandco.com\/fr\/news-insights\/events\/reforme-de-la-facturation-electronique-un-webinar-avec-option-finance-et-argon-co\/","og_locale":"fr_FR","og_type":"article","og_title":"R\u00e9forme sur la facturation \u00e9lectronique : la dynamique doit se poursuivre ! Webinar en partenariat avec OPTION FINANCE - Argon &amp; Co","og_description":"R\u00e9forme sur la facturation \u00e9lectronique : la dynamique doit se poursuivre Nous avons le plaisir de vous inviter au Webinar sp\u00e9cial organis\u00e9 par Option Finance dans sa s\u00e9rie \u00ab\u00a0Les Directs\u00a0\u00bb. Il abordera un sujet crucial pour votre domaine : la r\u00e9forme sur la facturation \u00e9lectronique, sous le th\u00e8me \u00ab\u00a0R\u00e9forme sur la facturation \u00e9lectronique : la [&hellip;]","og_url":"https:\/\/www.argonandco.com\/fr\/news-insights\/events\/reforme-de-la-facturation-electronique-un-webinar-avec-option-finance-et-argon-co\/","og_site_name":"Argon &amp; Co","article_modified_time":"2023-09-19T14:51:51+00:00","og_image":[{"width":2560,"height":1810,"url":"https:\/\/www.argonandco.com\/wp-content\/uploads\/2023\/09\/Background-website.png","type":"image\/png"}],"twitter_card":"summary_large_image","twitter_misc":{"Dur\u00e9e de lecture estim\u00e9e":"2 minutes"},"schema":{"@context":"https:\/\/schema.org","@graph":[{"@type":"WebPage","@id":"https:\/\/www.argonandco.com\/fr\/news-insights\/events\/reforme-de-la-facturation-electronique-un-webinar-avec-option-finance-et-argon-co\/","url":"https:\/\/www.argonandco.com\/fr\/news-insights\/events\/reforme-de-la-facturation-electronique-un-webinar-avec-option-finance-et-argon-co\/","name":"R\u00e9forme sur la facturation \u00e9lectronique : la dynamique doit se poursuivre ! Webinar en partenariat avec OPTION FINANCE - Argon &amp; Co","isPartOf":{"@id":"https:\/\/www.argonandco.com\/fr\/#website"},"primaryImageOfPage":{"@id":"https:\/\/www.argonandco.com\/fr\/news-insights\/events\/reforme-de-la-facturation-electronique-un-webinar-avec-option-finance-et-argon-co\/#primaryimage"},"image":{"@id":"https:\/\/www.argonandco.com\/fr\/news-insights\/events\/reforme-de-la-facturation-electronique-un-webinar-avec-option-finance-et-argon-co\/#primaryimage"},"thumbnailUrl":"https:\/\/www.argonandco.com\/wp-content\/uploads\/2023\/09\/Background-website.png","datePublished":"2023-09-19T14:32:25+00:00","dateModified":"2023-09-19T14:51:51+00:00","breadcrumb":{"@id":"https:\/\/www.argonandco.com\/fr\/news-insights\/events\/reforme-de-la-facturation-electronique-un-webinar-avec-option-finance-et-argon-co\/#breadcrumb"},"inLanguage":"fr-FR","potentialAction":[{"@type":"ReadAction","target":["https:\/\/www.argonandco.com\/fr\/news-insights\/events\/reforme-de-la-facturation-electronique-un-webinar-avec-option-finance-et-argon-co\/"]}]},{"@type":"ImageObject","inLanguage":"fr-FR","@id":"https:\/\/www.argonandco.com\/fr\/news-insights\/events\/reforme-de-la-facturation-electronique-un-webinar-avec-option-finance-et-argon-co\/#primaryimage","url":"https:\/\/www.argonandco.com\/wp-content\/uploads\/2023\/09\/Background-website.png","contentUrl":"https:\/\/www.argonandco.com\/wp-content\/uploads\/2023\/09\/Background-website.png","width":2560,"height":1810},{"@type":"BreadcrumbList","@id":"https:\/\/www.argonandco.com\/fr\/news-insights\/events\/reforme-de-la-facturation-electronique-un-webinar-avec-option-finance-et-argon-co\/#breadcrumb","itemListElement":[{"@type":"ListItem","position":1,"name":"Home","item":"https:\/\/www.argonandco.com\/fr\/"},{"@type":"ListItem","position":2,"name":"Events","item":"https:\/\/www.argonandco.com\/fr\/news-insights\/events\/"},{"@type":"ListItem","position":3,"name":"R\u00e9forme sur la facturation \u00e9lectronique : la dynamique doit se poursuivre ! Webinar en partenariat avec OPTION FINANCE"}]},{"@type":"WebSite","@id":"https:\/\/www.argonandco.com\/fr\/#website","url":"https:\/\/www.argonandco.com\/fr\/","name":"Argon &amp; Co","description":"We help clients achieve their strategic and operational objectives, working together to transform their businesses and generate real change.","potentialAction":[{"@type":"SearchAction","target":{"@type":"EntryPoint","urlTemplate":"https:\/\/www.argonandco.com\/fr\/?s={search_term_string}"},"query-input":{"@type":"PropertyValueSpecification","valueRequired":true,"valueName":"search_term_string"}}],"inLanguage":"fr-FR"}]}},"_links":{"self":[{"href":"https:\/\/www.argonandco.com\/fr\/wp-json\/wp\/v2\/event\/25117","targetHints":{"allow":["GET"]}}],"collection":[{"href":"https:\/\/www.argonandco.com\/fr\/wp-json\/wp\/v2\/event"}],"about":[{"href":"https:\/\/www.argonandco.com\/fr\/wp-json\/wp\/v2\/types\/event"}],"version-history":[{"count":0,"href":"https:\/\/www.argonandco.com\/fr\/wp-json\/wp\/v2\/event\/25117\/revisions"}],"wp:featuredmedia":[{"embeddable":true,"href":"https:\/\/www.argonandco.com\/fr\/wp-json\/wp\/v2\/media\/25121"}],"wp:attachment":[{"href":"https:\/\/www.argonandco.com\/fr\/wp-json\/wp\/v2\/media?parent=25117"}],"curies":[{"name":"wp","href":"https:\/\/api.w.org\/{rel}","templated":true}]}}