{"id":24962,"date":"2023-09-06T11:05:15","date_gmt":"2023-09-06T10:05:15","guid":{"rendered":"https:\/\/www.argonandco.com\/?post_type=event&#038;p=24962"},"modified":"2023-09-06T11:05:15","modified_gmt":"2023-09-06T10:05:15","slug":"iris-by-argon-co-vous-donne-rendez-vous-les-25-et-26-septembre-2023-au-salon-big-data-ai-a-paris","status":"publish","type":"event","link":"https:\/\/www.argonandco.com\/fr\/news-insights\/events\/iris-by-argon-co-vous-donne-rendez-vous-les-25-et-26-septembre-2023-au-salon-big-data-ai-a-paris\/","title":{"rendered":"IRIS by Argon &#038; Co vous donne rendez-vous les 25 et 26 septembre 2023 au salon Big Data &#038; AI \u00e0 Paris"},"content":{"rendered":"<p>Apr\u00e8s deux exp\u00e9riences enrichissantes, IRIS by Argon &amp; Co participe une nouvelle fois au Salon\u00a0<a href=\"https:\/\/www.bigdataparis.com\/\"><strong>Big Data &amp; AI<\/strong><\/a>. Une 12\u1d49\u00a0\u00e9dition du qui se tiendra les lundi 25 et mardi 26 septembre 2023 au Palais des Congr\u00e8s \u00e0 Paris.<\/p>\n<p data-wp-editing=\"1\"><img loading=\"lazy\" decoding=\"async\" class=\"alignnone wp-image-24963 aligncenter\" src=\"https:\/\/www.argonandco.com\/wp-content\/uploads\/2023\/09\/Argon_Co_Big_Data_AI_wall_paper-300x156.png\" alt=\"\" width=\"668\" height=\"347\" srcset=\"https:\/\/www.argonandco.com\/wp-content\/uploads\/2023\/09\/Argon_Co_Big_Data_AI_wall_paper-300x156.png 300w, https:\/\/www.argonandco.com\/wp-content\/uploads\/2023\/09\/Argon_Co_Big_Data_AI_wall_paper-768x399.png 768w, https:\/\/www.argonandco.com\/wp-content\/uploads\/2023\/09\/Argon_Co_Big_Data_AI_wall_paper-400x208.png 400w, https:\/\/www.argonandco.com\/wp-content\/uploads\/2023\/09\/Argon_Co_Big_Data_AI_wall_paper.png 800w\" sizes=\"auto, (max-width: 668px) 100vw, 668px\" \/><\/p>\n<p>350 conf\u00e9rences et ateliers, 250 exposants sur deux jours\u2026 Le salon\u00a0<a href=\"https:\/\/www.linkedin.com\/company\/big-data-paris\/\"><strong>Big Data &amp; AI<\/strong><\/a> est l\u2019\u00e9v\u00e9nement europ\u00e9en de r\u00e9f\u00e9rence et s&rsquo;est impos\u00e9 depuis 12 ans comme le rendez-vous majeur de la tech fran\u00e7aise et de l\u2019\u00e9cosyst\u00e8me \u00e9troitement li\u00e9 du Big Data et de l\u2019Intelligence Artificielle.<\/p>\n<p>Le salon se tiendra \u00e0 la fois en format physique, au Palais des Congr\u00e8s de Paris, et en digital sur une plateforme d\u00e9di\u00e9e et reprend les codes qui ont fait son succ\u00e8s\u00a0: rencontres avec les acteurs cl\u00e9s du secteur, conf\u00e9rences embrassant les sujets big data et intelligence artificielle sous les prismes strat\u00e9giques, pratiques et techniques, des ateliers pr\u00e9sentant les solutions de demain\u2026<\/p>\n<p>Cr\u00e9\u00e9e en 2021, IRIS by Argon &amp; Co est l&rsquo;\u00e9quipe d\u00e9di\u00e9e \u00e0 la Data dans les op\u00e9rations, en France, du cabinet de conseil international Argon &amp; Co.<\/p>\n<p>Sp\u00e9cialis\u00e9s dans l&rsquo;usage de la Data au service de la performance op\u00e9rationnelle, ses experts seront au rendez-vous durant les deux jours de l\u2019\u00e9v\u00e9nement, de 8h30 \u00e0 18h, au stand B21 du Palais des Congr\u00e8s de Paris, situ\u00e9 2 place de la Porte Maillot dans le 17<sup>e<\/sup> arrondissement de Paris.<\/p>\n<p><img loading=\"lazy\" decoding=\"async\" class=\"alignnone wp-image-24966\" src=\"https:\/\/www.argonandco.com\/wp-content\/uploads\/2023\/09\/IRIS1-300x225.jpg\" alt=\"\" width=\"313\" height=\"235\" srcset=\"https:\/\/www.argonandco.com\/wp-content\/uploads\/2023\/09\/IRIS1-300x225.jpg 300w, https:\/\/www.argonandco.com\/wp-content\/uploads\/2023\/09\/IRIS1-1024x768.jpg 1024w, https:\/\/www.argonandco.com\/wp-content\/uploads\/2023\/09\/IRIS1-768x576.jpg 768w, https:\/\/www.argonandco.com\/wp-content\/uploads\/2023\/09\/IRIS1-1536x1152.jpg 1536w, https:\/\/www.argonandco.com\/wp-content\/uploads\/2023\/09\/IRIS1-2048x1536.jpg 2048w, https:\/\/www.argonandco.com\/wp-content\/uploads\/2023\/09\/IRIS1-400x300.jpg 400w\" sizes=\"auto, (max-width: 313px) 100vw, 313px\" \/><img loading=\"lazy\" decoding=\"async\" class=\"alignnone wp-image-24969\" src=\"https:\/\/www.argonandco.com\/wp-content\/uploads\/2023\/09\/IRIS3-300x225.jpeg\" alt=\"\" width=\"313\" height=\"235\" srcset=\"https:\/\/www.argonandco.com\/wp-content\/uploads\/2023\/09\/IRIS3-300x225.jpeg 300w, https:\/\/www.argonandco.com\/wp-content\/uploads\/2023\/09\/IRIS3-1024x768.jpeg 1024w, https:\/\/www.argonandco.com\/wp-content\/uploads\/2023\/09\/IRIS3-768x576.jpeg 768w, https:\/\/www.argonandco.com\/wp-content\/uploads\/2023\/09\/IRIS3-1536x1152.jpeg 1536w, https:\/\/www.argonandco.com\/wp-content\/uploads\/2023\/09\/IRIS3-2048x1536.jpeg 2048w, https:\/\/www.argonandco.com\/wp-content\/uploads\/2023\/09\/IRIS3-400x300.jpeg 400w\" sizes=\"auto, (max-width: 313px) 100vw, 313px\" \/><\/p>\n<p><a href=\"https:\/\/www.bigdataparis.com\/fr\/pass-salon\"><strong>Cliquer ici pour r\u00e9server votre pass salon gratuitement<\/strong><\/a><\/p>\n<p><a href=\"https:\/\/www.bigdataparis.com\/fr\/ateliers\/\"><strong>Cliquer ici pour conna\u00eetre le programme des ateliers\u00a0<\/strong><\/a><\/p>\n<p><a href=\"https:\/\/www.linkedin.com\/company\/big-data-paris\/\"><strong>Plus d\u2019informations sur le salon Big Data et AI Paris<\/strong><\/a><\/p>\n<p data-wp-editing=\"1\"><a href=\"https:\/\/www.irisbyargonandco.com\/fr\/\"><strong>Plus d\u2019informations sur IRIS by Argon &amp; Co<\/strong><\/a><\/p>\n","protected":false},"featured_media":16986,"template":"","class_list":["post-24962","event","type-event","status-publish","has-post-thumbnail","hentry"],"acf":[],"yoast_head":"<!-- This site is optimized with the Yoast SEO plugin v27.4 - https:\/\/yoast.com\/product\/yoast-seo-wordpress\/ -->\n<title>IRIS by Argon &amp; Co vous donne rendez-vous les 25 et 26 septembre 2023 au salon Big Data &amp; AI \u00e0 Paris - Argon &amp; Co<\/title>\n<meta name=\"robots\" content=\"index, follow, max-snippet:-1, max-image-preview:large, max-video-preview:-1\" \/>\n<link rel=\"canonical\" href=\"https:\/\/www.argonandco.com\/fr\/news-insights\/events\/iris-by-argon-co-vous-donne-rendez-vous-les-25-et-26-septembre-2023-au-salon-big-data-ai-a-paris\/\" \/>\n<meta property=\"og:locale\" content=\"fr_FR\" \/>\n<meta property=\"og:type\" content=\"article\" \/>\n<meta property=\"og:title\" content=\"IRIS by Argon &amp; Co vous donne rendez-vous les 25 et 26 septembre 2023 au salon Big Data &amp; AI \u00e0 Paris - Argon &amp; Co\" \/>\n<meta property=\"og:description\" content=\"Apr\u00e8s deux exp\u00e9riences enrichissantes, IRIS by Argon &amp; Co participe une nouvelle fois au Salon\u00a0Big Data &amp; AI. Une 12\u1d49\u00a0\u00e9dition du qui se tiendra les lundi 25 et mardi 26 septembre 2023 au Palais des Congr\u00e8s \u00e0 Paris. 350 conf\u00e9rences et ateliers, 250 exposants sur deux jours\u2026 Le salon\u00a0Big Data &amp; AI est l\u2019\u00e9v\u00e9nement europ\u00e9en [&hellip;]\" \/>\n<meta property=\"og:url\" content=\"https:\/\/www.argonandco.com\/fr\/news-insights\/events\/iris-by-argon-co-vous-donne-rendez-vous-les-25-et-26-septembre-2023-au-salon-big-data-ai-a-paris\/\" \/>\n<meta property=\"og:site_name\" content=\"Argon &amp; Co\" \/>\n<meta property=\"og:image\" content=\"https:\/\/www.argonandco.com\/wp-content\/uploads\/2021\/09\/bandeau-event-IRIS-test-3.png\" \/>\n\t<meta property=\"og:image:width\" content=\"2560\" \/>\n\t<meta property=\"og:image:height\" content=\"1331\" \/>\n\t<meta property=\"og:image:type\" content=\"image\/png\" \/>\n<meta name=\"twitter:card\" content=\"summary_large_image\" \/>\n<meta name=\"twitter:label1\" content=\"Dur\u00e9e de lecture estim\u00e9e\" \/>\n\t<meta name=\"twitter:data1\" content=\"1 minute\" \/>\n<script type=\"application\/ld+json\" class=\"yoast-schema-graph\">{\"@context\":\"https:\\\/\\\/schema.org\",\"@graph\":[{\"@type\":\"WebPage\",\"@id\":\"https:\\\/\\\/www.argonandco.com\\\/fr\\\/news-insights\\\/events\\\/iris-by-argon-co-vous-donne-rendez-vous-les-25-et-26-septembre-2023-au-salon-big-data-ai-a-paris\\\/\",\"url\":\"https:\\\/\\\/www.argonandco.com\\\/fr\\\/news-insights\\\/events\\\/iris-by-argon-co-vous-donne-rendez-vous-les-25-et-26-septembre-2023-au-salon-big-data-ai-a-paris\\\/\",\"name\":\"IRIS by Argon & Co vous donne rendez-vous les 25 et 26 septembre 2023 au salon Big Data & AI \u00e0 Paris - Argon &amp; Co\",\"isPartOf\":{\"@id\":\"https:\\\/\\\/www.argonandco.com\\\/fr\\\/#website\"},\"primaryImageOfPage\":{\"@id\":\"https:\\\/\\\/www.argonandco.com\\\/fr\\\/news-insights\\\/events\\\/iris-by-argon-co-vous-donne-rendez-vous-les-25-et-26-septembre-2023-au-salon-big-data-ai-a-paris\\\/#primaryimage\"},\"image\":{\"@id\":\"https:\\\/\\\/www.argonandco.com\\\/fr\\\/news-insights\\\/events\\\/iris-by-argon-co-vous-donne-rendez-vous-les-25-et-26-septembre-2023-au-salon-big-data-ai-a-paris\\\/#primaryimage\"},\"thumbnailUrl\":\"https:\\\/\\\/www.argonandco.com\\\/wp-content\\\/uploads\\\/2021\\\/09\\\/bandeau-event-IRIS-test-3.png\",\"datePublished\":\"2023-09-06T10:05:15+00:00\",\"breadcrumb\":{\"@id\":\"https:\\\/\\\/www.argonandco.com\\\/fr\\\/news-insights\\\/events\\\/iris-by-argon-co-vous-donne-rendez-vous-les-25-et-26-septembre-2023-au-salon-big-data-ai-a-paris\\\/#breadcrumb\"},\"inLanguage\":\"fr-FR\",\"potentialAction\":[{\"@type\":\"ReadAction\",\"target\":[\"https:\\\/\\\/www.argonandco.com\\\/fr\\\/news-insights\\\/events\\\/iris-by-argon-co-vous-donne-rendez-vous-les-25-et-26-septembre-2023-au-salon-big-data-ai-a-paris\\\/\"]}]},{\"@type\":\"ImageObject\",\"inLanguage\":\"fr-FR\",\"@id\":\"https:\\\/\\\/www.argonandco.com\\\/fr\\\/news-insights\\\/events\\\/iris-by-argon-co-vous-donne-rendez-vous-les-25-et-26-septembre-2023-au-salon-big-data-ai-a-paris\\\/#primaryimage\",\"url\":\"https:\\\/\\\/www.argonandco.com\\\/wp-content\\\/uploads\\\/2021\\\/09\\\/bandeau-event-IRIS-test-3.png\",\"contentUrl\":\"https:\\\/\\\/www.argonandco.com\\\/wp-content\\\/uploads\\\/2021\\\/09\\\/bandeau-event-IRIS-test-3.png\",\"width\":2560,\"height\":1331},{\"@type\":\"BreadcrumbList\",\"@id\":\"https:\\\/\\\/www.argonandco.com\\\/fr\\\/news-insights\\\/events\\\/iris-by-argon-co-vous-donne-rendez-vous-les-25-et-26-septembre-2023-au-salon-big-data-ai-a-paris\\\/#breadcrumb\",\"itemListElement\":[{\"@type\":\"ListItem\",\"position\":1,\"name\":\"Home\",\"item\":\"https:\\\/\\\/www.argonandco.com\\\/fr\\\/\"},{\"@type\":\"ListItem\",\"position\":2,\"name\":\"Events\",\"item\":\"https:\\\/\\\/www.argonandco.com\\\/fr\\\/news-insights\\\/events\\\/\"},{\"@type\":\"ListItem\",\"position\":3,\"name\":\"IRIS by Argon &#038; Co vous donne rendez-vous les 25 et 26 septembre 2023 au salon Big Data &#038; AI \u00e0 Paris\"}]},{\"@type\":\"WebSite\",\"@id\":\"https:\\\/\\\/www.argonandco.com\\\/fr\\\/#website\",\"url\":\"https:\\\/\\\/www.argonandco.com\\\/fr\\\/\",\"name\":\"Argon &amp; Co\",\"description\":\"We help clients achieve their strategic and operational objectives, working together to transform their businesses and generate real change.\",\"potentialAction\":[{\"@type\":\"SearchAction\",\"target\":{\"@type\":\"EntryPoint\",\"urlTemplate\":\"https:\\\/\\\/www.argonandco.com\\\/fr\\\/?s={search_term_string}\"},\"query-input\":{\"@type\":\"PropertyValueSpecification\",\"valueRequired\":true,\"valueName\":\"search_term_string\"}}],\"inLanguage\":\"fr-FR\"}]}<\/script>\n<!-- \/ Yoast SEO plugin. -->","yoast_head_json":{"title":"IRIS by Argon & Co vous donne rendez-vous les 25 et 26 septembre 2023 au salon Big Data & AI \u00e0 Paris - Argon &amp; Co","robots":{"index":"index","follow":"follow","max-snippet":"max-snippet:-1","max-image-preview":"max-image-preview:large","max-video-preview":"max-video-preview:-1"},"canonical":"https:\/\/www.argonandco.com\/fr\/news-insights\/events\/iris-by-argon-co-vous-donne-rendez-vous-les-25-et-26-septembre-2023-au-salon-big-data-ai-a-paris\/","og_locale":"fr_FR","og_type":"article","og_title":"IRIS by Argon & Co vous donne rendez-vous les 25 et 26 septembre 2023 au salon Big Data & AI \u00e0 Paris - Argon &amp; Co","og_description":"Apr\u00e8s deux exp\u00e9riences enrichissantes, IRIS by Argon &amp; Co participe une nouvelle fois au Salon\u00a0Big Data &amp; AI. Une 12\u1d49\u00a0\u00e9dition du qui se tiendra les lundi 25 et mardi 26 septembre 2023 au Palais des Congr\u00e8s \u00e0 Paris. 350 conf\u00e9rences et ateliers, 250 exposants sur deux jours\u2026 Le salon\u00a0Big Data &amp; AI est l\u2019\u00e9v\u00e9nement europ\u00e9en [&hellip;]","og_url":"https:\/\/www.argonandco.com\/fr\/news-insights\/events\/iris-by-argon-co-vous-donne-rendez-vous-les-25-et-26-septembre-2023-au-salon-big-data-ai-a-paris\/","og_site_name":"Argon &amp; Co","og_image":[{"width":2560,"height":1331,"url":"https:\/\/www.argonandco.com\/wp-content\/uploads\/2021\/09\/bandeau-event-IRIS-test-3.png","type":"image\/png"}],"twitter_card":"summary_large_image","twitter_misc":{"Dur\u00e9e de lecture estim\u00e9e":"1 minute"},"schema":{"@context":"https:\/\/schema.org","@graph":[{"@type":"WebPage","@id":"https:\/\/www.argonandco.com\/fr\/news-insights\/events\/iris-by-argon-co-vous-donne-rendez-vous-les-25-et-26-septembre-2023-au-salon-big-data-ai-a-paris\/","url":"https:\/\/www.argonandco.com\/fr\/news-insights\/events\/iris-by-argon-co-vous-donne-rendez-vous-les-25-et-26-septembre-2023-au-salon-big-data-ai-a-paris\/","name":"IRIS by Argon & Co vous donne rendez-vous les 25 et 26 septembre 2023 au salon Big Data & AI \u00e0 Paris - Argon &amp; Co","isPartOf":{"@id":"https:\/\/www.argonandco.com\/fr\/#website"},"primaryImageOfPage":{"@id":"https:\/\/www.argonandco.com\/fr\/news-insights\/events\/iris-by-argon-co-vous-donne-rendez-vous-les-25-et-26-septembre-2023-au-salon-big-data-ai-a-paris\/#primaryimage"},"image":{"@id":"https:\/\/www.argonandco.com\/fr\/news-insights\/events\/iris-by-argon-co-vous-donne-rendez-vous-les-25-et-26-septembre-2023-au-salon-big-data-ai-a-paris\/#primaryimage"},"thumbnailUrl":"https:\/\/www.argonandco.com\/wp-content\/uploads\/2021\/09\/bandeau-event-IRIS-test-3.png","datePublished":"2023-09-06T10:05:15+00:00","breadcrumb":{"@id":"https:\/\/www.argonandco.com\/fr\/news-insights\/events\/iris-by-argon-co-vous-donne-rendez-vous-les-25-et-26-septembre-2023-au-salon-big-data-ai-a-paris\/#breadcrumb"},"inLanguage":"fr-FR","potentialAction":[{"@type":"ReadAction","target":["https:\/\/www.argonandco.com\/fr\/news-insights\/events\/iris-by-argon-co-vous-donne-rendez-vous-les-25-et-26-septembre-2023-au-salon-big-data-ai-a-paris\/"]}]},{"@type":"ImageObject","inLanguage":"fr-FR","@id":"https:\/\/www.argonandco.com\/fr\/news-insights\/events\/iris-by-argon-co-vous-donne-rendez-vous-les-25-et-26-septembre-2023-au-salon-big-data-ai-a-paris\/#primaryimage","url":"https:\/\/www.argonandco.com\/wp-content\/uploads\/2021\/09\/bandeau-event-IRIS-test-3.png","contentUrl":"https:\/\/www.argonandco.com\/wp-content\/uploads\/2021\/09\/bandeau-event-IRIS-test-3.png","width":2560,"height":1331},{"@type":"BreadcrumbList","@id":"https:\/\/www.argonandco.com\/fr\/news-insights\/events\/iris-by-argon-co-vous-donne-rendez-vous-les-25-et-26-septembre-2023-au-salon-big-data-ai-a-paris\/#breadcrumb","itemListElement":[{"@type":"ListItem","position":1,"name":"Home","item":"https:\/\/www.argonandco.com\/fr\/"},{"@type":"ListItem","position":2,"name":"Events","item":"https:\/\/www.argonandco.com\/fr\/news-insights\/events\/"},{"@type":"ListItem","position":3,"name":"IRIS by Argon &#038; Co vous donne rendez-vous les 25 et 26 septembre 2023 au salon Big Data &#038; AI \u00e0 Paris"}]},{"@type":"WebSite","@id":"https:\/\/www.argonandco.com\/fr\/#website","url":"https:\/\/www.argonandco.com\/fr\/","name":"Argon &amp; Co","description":"We help clients achieve their strategic and operational objectives, working together to transform their businesses and generate real change.","potentialAction":[{"@type":"SearchAction","target":{"@type":"EntryPoint","urlTemplate":"https:\/\/www.argonandco.com\/fr\/?s={search_term_string}"},"query-input":{"@type":"PropertyValueSpecification","valueRequired":true,"valueName":"search_term_string"}}],"inLanguage":"fr-FR"}]}},"_links":{"self":[{"href":"https:\/\/www.argonandco.com\/fr\/wp-json\/wp\/v2\/event\/24962","targetHints":{"allow":["GET"]}}],"collection":[{"href":"https:\/\/www.argonandco.com\/fr\/wp-json\/wp\/v2\/event"}],"about":[{"href":"https:\/\/www.argonandco.com\/fr\/wp-json\/wp\/v2\/types\/event"}],"version-history":[{"count":0,"href":"https:\/\/www.argonandco.com\/fr\/wp-json\/wp\/v2\/event\/24962\/revisions"}],"wp:featuredmedia":[{"embeddable":true,"href":"https:\/\/www.argonandco.com\/fr\/wp-json\/wp\/v2\/media\/16986"}],"wp:attachment":[{"href":"https:\/\/www.argonandco.com\/fr\/wp-json\/wp\/v2\/media?parent=24962"}],"curies":[{"name":"wp","href":"https:\/\/api.w.org\/{rel}","templated":true}]}}