{"id":19218,"date":"2022-03-28T15:30:59","date_gmt":"2022-03-28T14:30:59","guid":{"rendered":"https:\/\/www.argonandco.com\/?post_type=event&#038;p=19218"},"modified":"2022-03-28T16:33:40","modified_gmt":"2022-03-28T15:33:40","slug":"webinar-replay-la-voix-des-experts-et-si-on-parlait-biodiversite","status":"publish","type":"event","link":"https:\/\/www.argonandco.com\/fr\/news-insights\/events\/webinar-replay-la-voix-des-experts-et-si-on-parlait-biodiversite\/","title":{"rendered":"Webinar : Replay &#8211; La voix des experts &#8211; Et si on parlait biodiversit\u00e9 ?"},"content":{"rendered":"<h3>Vendredi dernier, s\u2019est tenu le premier webinar \u00ab\u00a0La voix des experts\u00a0\u00bb sur le th\u00e8me : \u00ab\u00a0Et si on parlait biodiversit\u00e9 ?\u00a0\u00bb Fran\u00e7ois Duveau, ing\u00e9nieur agronome et cr\u00e9ateur du Biodiscore, \u00e9tait l\u2019invit\u00e9 de Yannick Migotto, Directeur Associ\u00e9 de l\u2019offre Sustainability au sein du cabinet Argon &amp; Co.<\/h3>\n<h3><\/h3>\n<p>D\u00e9couvrez les temps forts \u00e0 travers cette vid\u00e9o, ainsi que le Biodiscore, la m\u00e9thode de r\u00e9f\u00e9rence en agriculture bio pour aider les producteurs \u00e0 mesurer et la biodiversit\u00e9 de leurs exploitations.<\/p>\n<div align=\"center\">\n<p><iframe loading=\"lazy\" title=\"YouTube video player\" src=\"https:\/\/www.youtube.com\/embed\/yziFAtQ9_nA\" width=\"560\" height=\"315\" frameborder=\"0\" allowfullscreen=\"allowfullscreen\"><span data-mce-type=\"bookmark\" style=\"display: inline-block; width: 0px; overflow: hidden; line-height: 0;\" class=\"mce_SELRES_start\">\ufeff<\/span><\/iframe><\/p>\n<\/div>\n","protected":false},"featured_media":19220,"template":"","class_list":["post-19218","event","type-event","status-publish","has-post-thumbnail","hentry"],"acf":[],"yoast_head":"<!-- This site is optimized with the Yoast SEO plugin v27.4 - https:\/\/yoast.com\/product\/yoast-seo-wordpress\/ -->\n<title>Webinar : Replay - La voix des experts - Et si on parlait biodiversit\u00e9 ? - Argon &amp; Co<\/title>\n<meta name=\"robots\" content=\"index, follow, max-snippet:-1, max-image-preview:large, max-video-preview:-1\" \/>\n<link rel=\"canonical\" href=\"https:\/\/www.argonandco.com\/fr\/news-insights\/events\/webinar-replay-la-voix-des-experts-et-si-on-parlait-biodiversite\/\" \/>\n<meta property=\"og:locale\" content=\"fr_FR\" \/>\n<meta property=\"og:type\" content=\"article\" \/>\n<meta property=\"og:title\" content=\"Webinar : Replay - La voix des experts - Et si on parlait biodiversit\u00e9 ? - Argon &amp; Co\" \/>\n<meta property=\"og:description\" content=\"Vendredi dernier, s\u2019est tenu le premier webinar \u00ab\u00a0La voix des experts\u00a0\u00bb sur le th\u00e8me : \u00ab\u00a0Et si on parlait biodiversit\u00e9 ?\u00a0\u00bb Fran\u00e7ois Duveau, ing\u00e9nieur agronome et cr\u00e9ateur du Biodiscore, \u00e9tait l\u2019invit\u00e9 de Yannick Migotto, Directeur Associ\u00e9 de l\u2019offre Sustainability au sein du cabinet Argon &amp; Co. D\u00e9couvrez les temps forts \u00e0 travers cette vid\u00e9o, ainsi [&hellip;]\" \/>\n<meta property=\"og:url\" content=\"https:\/\/www.argonandco.com\/fr\/news-insights\/events\/webinar-replay-la-voix-des-experts-et-si-on-parlait-biodiversite\/\" \/>\n<meta property=\"og:site_name\" content=\"Argon &amp; Co\" \/>\n<meta property=\"article:modified_time\" content=\"2022-03-28T15:33:40+00:00\" \/>\n<meta property=\"og:image\" content=\"https:\/\/www.argonandco.com\/wp-content\/uploads\/2022\/03\/Argon_and_co_biodiversity_webinar.jpg\" \/>\n\t<meta property=\"og:image:width\" content=\"1297\" \/>\n\t<meta property=\"og:image:height\" content=\"808\" \/>\n\t<meta property=\"og:image:type\" content=\"image\/jpeg\" \/>\n<meta name=\"twitter:card\" content=\"summary_large_image\" \/>\n<script type=\"application\/ld+json\" class=\"yoast-schema-graph\">{\"@context\":\"https:\\\/\\\/schema.org\",\"@graph\":[{\"@type\":\"WebPage\",\"@id\":\"https:\\\/\\\/www.argonandco.com\\\/fr\\\/news-insights\\\/events\\\/webinar-replay-la-voix-des-experts-et-si-on-parlait-biodiversite\\\/\",\"url\":\"https:\\\/\\\/www.argonandco.com\\\/fr\\\/news-insights\\\/events\\\/webinar-replay-la-voix-des-experts-et-si-on-parlait-biodiversite\\\/\",\"name\":\"Webinar : Replay - La voix des experts - Et si on parlait biodiversit\u00e9 ? - Argon &amp; Co\",\"isPartOf\":{\"@id\":\"https:\\\/\\\/www.argonandco.com\\\/fr\\\/#website\"},\"primaryImageOfPage\":{\"@id\":\"https:\\\/\\\/www.argonandco.com\\\/fr\\\/news-insights\\\/events\\\/webinar-replay-la-voix-des-experts-et-si-on-parlait-biodiversite\\\/#primaryimage\"},\"image\":{\"@id\":\"https:\\\/\\\/www.argonandco.com\\\/fr\\\/news-insights\\\/events\\\/webinar-replay-la-voix-des-experts-et-si-on-parlait-biodiversite\\\/#primaryimage\"},\"thumbnailUrl\":\"https:\\\/\\\/www.argonandco.com\\\/wp-content\\\/uploads\\\/2022\\\/03\\\/Argon_and_co_biodiversity_webinar.jpg\",\"datePublished\":\"2022-03-28T14:30:59+00:00\",\"dateModified\":\"2022-03-28T15:33:40+00:00\",\"breadcrumb\":{\"@id\":\"https:\\\/\\\/www.argonandco.com\\\/fr\\\/news-insights\\\/events\\\/webinar-replay-la-voix-des-experts-et-si-on-parlait-biodiversite\\\/#breadcrumb\"},\"inLanguage\":\"fr-FR\",\"potentialAction\":[{\"@type\":\"ReadAction\",\"target\":[\"https:\\\/\\\/www.argonandco.com\\\/fr\\\/news-insights\\\/events\\\/webinar-replay-la-voix-des-experts-et-si-on-parlait-biodiversite\\\/\"]}]},{\"@type\":\"ImageObject\",\"inLanguage\":\"fr-FR\",\"@id\":\"https:\\\/\\\/www.argonandco.com\\\/fr\\\/news-insights\\\/events\\\/webinar-replay-la-voix-des-experts-et-si-on-parlait-biodiversite\\\/#primaryimage\",\"url\":\"https:\\\/\\\/www.argonandco.com\\\/wp-content\\\/uploads\\\/2022\\\/03\\\/Argon_and_co_biodiversity_webinar.jpg\",\"contentUrl\":\"https:\\\/\\\/www.argonandco.com\\\/wp-content\\\/uploads\\\/2022\\\/03\\\/Argon_and_co_biodiversity_webinar.jpg\",\"width\":1297,\"height\":808,\"caption\":\"Human hands holding earth global over blurred green nature background. Elements of this image furnished by NASA\"},{\"@type\":\"BreadcrumbList\",\"@id\":\"https:\\\/\\\/www.argonandco.com\\\/fr\\\/news-insights\\\/events\\\/webinar-replay-la-voix-des-experts-et-si-on-parlait-biodiversite\\\/#breadcrumb\",\"itemListElement\":[{\"@type\":\"ListItem\",\"position\":1,\"name\":\"Home\",\"item\":\"https:\\\/\\\/www.argonandco.com\\\/fr\\\/\"},{\"@type\":\"ListItem\",\"position\":2,\"name\":\"Events\",\"item\":\"https:\\\/\\\/www.argonandco.com\\\/fr\\\/news-insights\\\/events\\\/\"},{\"@type\":\"ListItem\",\"position\":3,\"name\":\"Webinar : Replay &#8211; La voix des experts &#8211; Et si on parlait biodiversit\u00e9 ?\"}]},{\"@type\":\"WebSite\",\"@id\":\"https:\\\/\\\/www.argonandco.com\\\/fr\\\/#website\",\"url\":\"https:\\\/\\\/www.argonandco.com\\\/fr\\\/\",\"name\":\"Argon &amp; Co\",\"description\":\"We help clients achieve their strategic and operational objectives, working together to transform their businesses and generate real change.\",\"potentialAction\":[{\"@type\":\"SearchAction\",\"target\":{\"@type\":\"EntryPoint\",\"urlTemplate\":\"https:\\\/\\\/www.argonandco.com\\\/fr\\\/?s={search_term_string}\"},\"query-input\":{\"@type\":\"PropertyValueSpecification\",\"valueRequired\":true,\"valueName\":\"search_term_string\"}}],\"inLanguage\":\"fr-FR\"}]}<\/script>\n<!-- \/ Yoast SEO plugin. -->","yoast_head_json":{"title":"Webinar : Replay - La voix des experts - Et si on parlait biodiversit\u00e9 ? - Argon &amp; Co","robots":{"index":"index","follow":"follow","max-snippet":"max-snippet:-1","max-image-preview":"max-image-preview:large","max-video-preview":"max-video-preview:-1"},"canonical":"https:\/\/www.argonandco.com\/fr\/news-insights\/events\/webinar-replay-la-voix-des-experts-et-si-on-parlait-biodiversite\/","og_locale":"fr_FR","og_type":"article","og_title":"Webinar : Replay - La voix des experts - Et si on parlait biodiversit\u00e9 ? - Argon &amp; Co","og_description":"Vendredi dernier, s\u2019est tenu le premier webinar \u00ab\u00a0La voix des experts\u00a0\u00bb sur le th\u00e8me : \u00ab\u00a0Et si on parlait biodiversit\u00e9 ?\u00a0\u00bb Fran\u00e7ois Duveau, ing\u00e9nieur agronome et cr\u00e9ateur du Biodiscore, \u00e9tait l\u2019invit\u00e9 de Yannick Migotto, Directeur Associ\u00e9 de l\u2019offre Sustainability au sein du cabinet Argon &amp; Co. D\u00e9couvrez les temps forts \u00e0 travers cette vid\u00e9o, ainsi [&hellip;]","og_url":"https:\/\/www.argonandco.com\/fr\/news-insights\/events\/webinar-replay-la-voix-des-experts-et-si-on-parlait-biodiversite\/","og_site_name":"Argon &amp; Co","article_modified_time":"2022-03-28T15:33:40+00:00","og_image":[{"width":1297,"height":808,"url":"https:\/\/www.argonandco.com\/wp-content\/uploads\/2022\/03\/Argon_and_co_biodiversity_webinar.jpg","type":"image\/jpeg"}],"twitter_card":"summary_large_image","schema":{"@context":"https:\/\/schema.org","@graph":[{"@type":"WebPage","@id":"https:\/\/www.argonandco.com\/fr\/news-insights\/events\/webinar-replay-la-voix-des-experts-et-si-on-parlait-biodiversite\/","url":"https:\/\/www.argonandco.com\/fr\/news-insights\/events\/webinar-replay-la-voix-des-experts-et-si-on-parlait-biodiversite\/","name":"Webinar : Replay - La voix des experts - Et si on parlait biodiversit\u00e9 ? - Argon &amp; Co","isPartOf":{"@id":"https:\/\/www.argonandco.com\/fr\/#website"},"primaryImageOfPage":{"@id":"https:\/\/www.argonandco.com\/fr\/news-insights\/events\/webinar-replay-la-voix-des-experts-et-si-on-parlait-biodiversite\/#primaryimage"},"image":{"@id":"https:\/\/www.argonandco.com\/fr\/news-insights\/events\/webinar-replay-la-voix-des-experts-et-si-on-parlait-biodiversite\/#primaryimage"},"thumbnailUrl":"https:\/\/www.argonandco.com\/wp-content\/uploads\/2022\/03\/Argon_and_co_biodiversity_webinar.jpg","datePublished":"2022-03-28T14:30:59+00:00","dateModified":"2022-03-28T15:33:40+00:00","breadcrumb":{"@id":"https:\/\/www.argonandco.com\/fr\/news-insights\/events\/webinar-replay-la-voix-des-experts-et-si-on-parlait-biodiversite\/#breadcrumb"},"inLanguage":"fr-FR","potentialAction":[{"@type":"ReadAction","target":["https:\/\/www.argonandco.com\/fr\/news-insights\/events\/webinar-replay-la-voix-des-experts-et-si-on-parlait-biodiversite\/"]}]},{"@type":"ImageObject","inLanguage":"fr-FR","@id":"https:\/\/www.argonandco.com\/fr\/news-insights\/events\/webinar-replay-la-voix-des-experts-et-si-on-parlait-biodiversite\/#primaryimage","url":"https:\/\/www.argonandco.com\/wp-content\/uploads\/2022\/03\/Argon_and_co_biodiversity_webinar.jpg","contentUrl":"https:\/\/www.argonandco.com\/wp-content\/uploads\/2022\/03\/Argon_and_co_biodiversity_webinar.jpg","width":1297,"height":808,"caption":"Human hands holding earth global over blurred green nature background. Elements of this image furnished by NASA"},{"@type":"BreadcrumbList","@id":"https:\/\/www.argonandco.com\/fr\/news-insights\/events\/webinar-replay-la-voix-des-experts-et-si-on-parlait-biodiversite\/#breadcrumb","itemListElement":[{"@type":"ListItem","position":1,"name":"Home","item":"https:\/\/www.argonandco.com\/fr\/"},{"@type":"ListItem","position":2,"name":"Events","item":"https:\/\/www.argonandco.com\/fr\/news-insights\/events\/"},{"@type":"ListItem","position":3,"name":"Webinar : Replay &#8211; La voix des experts &#8211; Et si on parlait biodiversit\u00e9 ?"}]},{"@type":"WebSite","@id":"https:\/\/www.argonandco.com\/fr\/#website","url":"https:\/\/www.argonandco.com\/fr\/","name":"Argon &amp; Co","description":"We help clients achieve their strategic and operational objectives, working together to transform their businesses and generate real change.","potentialAction":[{"@type":"SearchAction","target":{"@type":"EntryPoint","urlTemplate":"https:\/\/www.argonandco.com\/fr\/?s={search_term_string}"},"query-input":{"@type":"PropertyValueSpecification","valueRequired":true,"valueName":"search_term_string"}}],"inLanguage":"fr-FR"}]}},"_links":{"self":[{"href":"https:\/\/www.argonandco.com\/fr\/wp-json\/wp\/v2\/event\/19218","targetHints":{"allow":["GET"]}}],"collection":[{"href":"https:\/\/www.argonandco.com\/fr\/wp-json\/wp\/v2\/event"}],"about":[{"href":"https:\/\/www.argonandco.com\/fr\/wp-json\/wp\/v2\/types\/event"}],"version-history":[{"count":0,"href":"https:\/\/www.argonandco.com\/fr\/wp-json\/wp\/v2\/event\/19218\/revisions"}],"wp:featuredmedia":[{"embeddable":true,"href":"https:\/\/www.argonandco.com\/fr\/wp-json\/wp\/v2\/media\/19220"}],"wp:attachment":[{"href":"https:\/\/www.argonandco.com\/fr\/wp-json\/wp\/v2\/media?parent=19218"}],"curies":[{"name":"wp","href":"https:\/\/api.w.org\/{rel}","templated":true}]}}